{"id":47553,"date":"2016-05-22T07:04:34","date_gmt":"2016-05-22T07:04:34","guid":{"rendered":"https:\/\/www.aspb.cat\/tramits\/sol%c2%b7licitud-dalta-baixa-torres-refrigeracio\/"},"modified":"2026-03-17T13:51:12","modified_gmt":"2026-03-17T13:51:12","slug":"notificacion-torres-refrigeracion-condensadores-evaporativos","status":"publish","type":"tramit","link":"https:\/\/www.aspb.cat\/es\/tramits\/notificacion-torres-refrigeracion-condensadores-evaporativos\/","title":{"rendered":"Tr\u00e1mite notificaci\u00f3n de torres de refrigeraci\u00f3n (TR) y condensadores evaporativos (CE)"},"content":{"rendered":"<p>De acuerdo con el art\u00edculo 5.3 y el anexo II del Real Decreto 487\/2022, de 21 de junio, por el que se establecen los requisitos sanitarios para la prevenci\u00f3n y control de la legionelosis, las personas titulares de torres de refrigeraci\u00f3n y condensadores evaporativos est\u00e1n obligados a notificar su instalaci\u00f3n y funcionamiento.<\/p>\n<p><strong>Este tr\u00e1mite debe presentarse cuando:<\/strong><\/p>\n<ul>\n<li><strong>Tr\u00e1mite de alta<\/strong>: En el plazo m\u00e1ximo de un mes desde la puesta en funcionamiento de una nueva instalaci\u00f3n.<\/li>\n<li><strong>Tr\u00e1mite de modificaci\u00f3n:<\/strong> En el plazo m\u00e1ximo de un mes desde su puesta en funcionamiento posterior a una modificaci\u00f3n.<\/li>\n<li><strong>Tr\u00e1mite de baja:<\/strong> En el plazo m\u00e1ximo de un mes desde su definitivo cese de actividad o baja de la instalaci\u00f3n.<\/li>\n<\/ul>\n<p>Es necesario realizar un tr\u00e1mite por cada circuito y adjuntar un plano o esquema del circuito hidr\u00e1ulico.<br \/>\n<div class=\"moure_faqs_aqui\"><\/div>\n","protected":false},"featured_media":48990,"template":"","tema":[154,157],"class_list":["post-47553","tramit","type-tramit","status-publish","has-post-thumbnail","hentry","tema-salud-ambiental","tema-legionela","publish","author-ext_acaillab","impar","primero"],"acf":[],"yoast_head":"<!-- This site is optimized with the Yoast SEO Premium plugin v27.5 (Yoast SEO v27.5) - https:\/\/yoast.com\/product\/yoast-seo-premium-wordpress\/ -->\n<title>Tr\u00e1mite notificaci\u00f3n de torres de refrigeraci\u00f3n (TR) y condensadores evaporativos (CE) - ASPB<\/title>\n<meta name=\"robots\" content=\"index, follow, max-snippet:-1, max-image-preview:large, max-video-preview:-1\" \/>\n<link rel=\"canonical\" href=\"https:\/\/www.aspb.cat\/es\/tramits\/notificacion-torres-refrigeracion-condensadores-evaporativos\/\" \/>\n<meta property=\"og:locale\" content=\"es_ES\" \/>\n<meta property=\"og:type\" content=\"article\" \/>\n<meta property=\"og:title\" content=\"Tr\u00e1mite notificaci\u00f3n de torres de refrigeraci\u00f3n (TR) y condensadores evaporativos (CE)\" \/>\n<meta property=\"og:description\" content=\"De acuerdo con el art\u00edculo 5.3 y el anexo II del Real Decreto 487\/2022, de [&hellip;]\" \/>\n<meta property=\"og:url\" content=\"https:\/\/www.aspb.cat\/es\/tramits\/notificacion-torres-refrigeracion-condensadores-evaporativos\/\" \/>\n<meta property=\"og:site_name\" content=\"ASPB\" \/>\n<meta property=\"article:publisher\" content=\"https:\/\/www.facebook.com\/salutpublicabcn\" \/>\n<meta property=\"article:modified_time\" content=\"2026-03-17T13:51:12+00:00\" \/>\n<meta property=\"og:image\" content=\"https:\/\/www.aspb.cat\/wp-content\/uploads\/2016\/05\/sollicitud-dalta-baixa-torres-refrigeracio-img.jpg\" \/>\n\t<meta property=\"og:image:width\" content=\"1460\" \/>\n\t<meta property=\"og:image:height\" content=\"918\" \/>\n\t<meta property=\"og:image:type\" content=\"image\/jpeg\" \/>\n<meta name=\"twitter:card\" content=\"summary_large_image\" \/>\n<meta name=\"twitter:site\" content=\"@salutpublicabcn\" \/>\n<meta name=\"twitter:label1\" content=\"Tiempo de lectura\" \/>\n\t<meta name=\"twitter:data1\" content=\"1 minuto\" \/>\n<script type=\"application\/ld+json\" class=\"yoast-schema-graph\">{\"@context\":\"https:\\\/\\\/schema.org\",\"@graph\":[{\"@type\":\"WebPage\",\"@id\":\"https:\\\/\\\/www.aspb.cat\\\/es\\\/tramits\\\/notificacion-torres-refrigeracion-condensadores-evaporativos\\\/\",\"url\":\"https:\\\/\\\/www.aspb.cat\\\/es\\\/tramits\\\/notificacion-torres-refrigeracion-condensadores-evaporativos\\\/\",\"name\":\"Tr\u00e1mite notificaci\u00f3n de torres de refrigeraci\u00f3n (TR) y condensadores evaporativos (CE) - ASPB\",\"isPartOf\":{\"@id\":\"https:\\\/\\\/www.aspb.cat\\\/#website\"},\"primaryImageOfPage\":{\"@id\":\"https:\\\/\\\/www.aspb.cat\\\/es\\\/tramits\\\/notificacion-torres-refrigeracion-condensadores-evaporativos\\\/#primaryimage\"},\"image\":{\"@id\":\"https:\\\/\\\/www.aspb.cat\\\/es\\\/tramits\\\/notificacion-torres-refrigeracion-condensadores-evaporativos\\\/#primaryimage\"},\"thumbnailUrl\":\"https:\\\/\\\/www.aspb.cat\\\/wp-content\\\/uploads\\\/2016\\\/05\\\/sollicitud-dalta-baixa-torres-refrigeracio-img.jpg\",\"datePublished\":\"2016-05-22T07:04:34+00:00\",\"dateModified\":\"2026-03-17T13:51:12+00:00\",\"breadcrumb\":{\"@id\":\"https:\\\/\\\/www.aspb.cat\\\/es\\\/tramits\\\/notificacion-torres-refrigeracion-condensadores-evaporativos\\\/#breadcrumb\"},\"inLanguage\":\"es\",\"potentialAction\":[{\"@type\":\"ReadAction\",\"target\":[\"https:\\\/\\\/www.aspb.cat\\\/es\\\/tramits\\\/notificacion-torres-refrigeracion-condensadores-evaporativos\\\/\"]}]},{\"@type\":\"ImageObject\",\"inLanguage\":\"es\",\"@id\":\"https:\\\/\\\/www.aspb.cat\\\/es\\\/tramits\\\/notificacion-torres-refrigeracion-condensadores-evaporativos\\\/#primaryimage\",\"url\":\"https:\\\/\\\/www.aspb.cat\\\/wp-content\\\/uploads\\\/2016\\\/05\\\/sollicitud-dalta-baixa-torres-refrigeracio-img.jpg\",\"contentUrl\":\"https:\\\/\\\/www.aspb.cat\\\/wp-content\\\/uploads\\\/2016\\\/05\\\/sollicitud-dalta-baixa-torres-refrigeracio-img.jpg\",\"width\":1460,\"height\":918},{\"@type\":\"BreadcrumbList\",\"@id\":\"https:\\\/\\\/www.aspb.cat\\\/es\\\/tramits\\\/notificacion-torres-refrigeracion-condensadores-evaporativos\\\/#breadcrumb\",\"itemListElement\":[{\"@type\":\"ListItem\",\"position\":1,\"name\":\"Inici\",\"item\":\"https:\\\/\\\/www.aspb.cat\\\/es\\\/\"},{\"@type\":\"ListItem\",\"position\":2,\"name\":\"Tr\u00e1mites\",\"item\":\"https:\\\/\\\/www.aspb.cat\\\/es\\\/tramits\\\/\"},{\"@type\":\"ListItem\",\"position\":3,\"name\":\"Tr\u00e1mite notificaci\u00f3n de torres de refrigeraci\u00f3n (TR) y condensadores evaporativos (CE)\"}]},{\"@type\":\"WebSite\",\"@id\":\"https:\\\/\\\/www.aspb.cat\\\/#website\",\"url\":\"https:\\\/\\\/www.aspb.cat\\\/\",\"name\":\"ASPB\",\"description\":\"Just another WordPress site\",\"potentialAction\":[{\"@type\":\"SearchAction\",\"target\":{\"@type\":\"EntryPoint\",\"urlTemplate\":\"https:\\\/\\\/www.aspb.cat\\\/?s={search_term_string}\"},\"query-input\":{\"@type\":\"PropertyValueSpecification\",\"valueRequired\":true,\"valueName\":\"search_term_string\"}}],\"inLanguage\":\"es\"}]}<\/script>\n<!-- \/ Yoast SEO Premium plugin. -->","yoast_head_json":{"title":"Tr\u00e1mite notificaci\u00f3n de torres de refrigeraci\u00f3n (TR) y condensadores evaporativos (CE) - ASPB","robots":{"index":"index","follow":"follow","max-snippet":"max-snippet:-1","max-image-preview":"max-image-preview:large","max-video-preview":"max-video-preview:-1"},"canonical":"https:\/\/www.aspb.cat\/es\/tramits\/notificacion-torres-refrigeracion-condensadores-evaporativos\/","og_locale":"es_ES","og_type":"article","og_title":"Tr\u00e1mite notificaci\u00f3n de torres de refrigeraci\u00f3n (TR) y condensadores evaporativos (CE)","og_description":"De acuerdo con el art\u00edculo 5.3 y el anexo II del Real Decreto 487\/2022, de [&hellip;]","og_url":"https:\/\/www.aspb.cat\/es\/tramits\/notificacion-torres-refrigeracion-condensadores-evaporativos\/","og_site_name":"ASPB","article_publisher":"https:\/\/www.facebook.com\/salutpublicabcn","article_modified_time":"2026-03-17T13:51:12+00:00","og_image":[{"width":1460,"height":918,"url":"https:\/\/www.aspb.cat\/wp-content\/uploads\/2016\/05\/sollicitud-dalta-baixa-torres-refrigeracio-img.jpg","type":"image\/jpeg"}],"twitter_card":"summary_large_image","twitter_site":"@salutpublicabcn","twitter_misc":{"Tiempo de lectura":"1 minuto"},"schema":{"@context":"https:\/\/schema.org","@graph":[{"@type":"WebPage","@id":"https:\/\/www.aspb.cat\/es\/tramits\/notificacion-torres-refrigeracion-condensadores-evaporativos\/","url":"https:\/\/www.aspb.cat\/es\/tramits\/notificacion-torres-refrigeracion-condensadores-evaporativos\/","name":"Tr\u00e1mite notificaci\u00f3n de torres de refrigeraci\u00f3n (TR) y condensadores evaporativos (CE) - ASPB","isPartOf":{"@id":"https:\/\/www.aspb.cat\/#website"},"primaryImageOfPage":{"@id":"https:\/\/www.aspb.cat\/es\/tramits\/notificacion-torres-refrigeracion-condensadores-evaporativos\/#primaryimage"},"image":{"@id":"https:\/\/www.aspb.cat\/es\/tramits\/notificacion-torres-refrigeracion-condensadores-evaporativos\/#primaryimage"},"thumbnailUrl":"https:\/\/www.aspb.cat\/wp-content\/uploads\/2016\/05\/sollicitud-dalta-baixa-torres-refrigeracio-img.jpg","datePublished":"2016-05-22T07:04:34+00:00","dateModified":"2026-03-17T13:51:12+00:00","breadcrumb":{"@id":"https:\/\/www.aspb.cat\/es\/tramits\/notificacion-torres-refrigeracion-condensadores-evaporativos\/#breadcrumb"},"inLanguage":"es","potentialAction":[{"@type":"ReadAction","target":["https:\/\/www.aspb.cat\/es\/tramits\/notificacion-torres-refrigeracion-condensadores-evaporativos\/"]}]},{"@type":"ImageObject","inLanguage":"es","@id":"https:\/\/www.aspb.cat\/es\/tramits\/notificacion-torres-refrigeracion-condensadores-evaporativos\/#primaryimage","url":"https:\/\/www.aspb.cat\/wp-content\/uploads\/2016\/05\/sollicitud-dalta-baixa-torres-refrigeracio-img.jpg","contentUrl":"https:\/\/www.aspb.cat\/wp-content\/uploads\/2016\/05\/sollicitud-dalta-baixa-torres-refrigeracio-img.jpg","width":1460,"height":918},{"@type":"BreadcrumbList","@id":"https:\/\/www.aspb.cat\/es\/tramits\/notificacion-torres-refrigeracion-condensadores-evaporativos\/#breadcrumb","itemListElement":[{"@type":"ListItem","position":1,"name":"Inici","item":"https:\/\/www.aspb.cat\/es\/"},{"@type":"ListItem","position":2,"name":"Tr\u00e1mites","item":"https:\/\/www.aspb.cat\/es\/tramits\/"},{"@type":"ListItem","position":3,"name":"Tr\u00e1mite notificaci\u00f3n de torres de refrigeraci\u00f3n (TR) y condensadores evaporativos (CE)"}]},{"@type":"WebSite","@id":"https:\/\/www.aspb.cat\/#website","url":"https:\/\/www.aspb.cat\/","name":"ASPB","description":"Just another WordPress site","potentialAction":[{"@type":"SearchAction","target":{"@type":"EntryPoint","urlTemplate":"https:\/\/www.aspb.cat\/?s={search_term_string}"},"query-input":{"@type":"PropertyValueSpecification","valueRequired":true,"valueName":"search_term_string"}}],"inLanguage":"es"}]}},"_links":{"self":[{"href":"https:\/\/www.aspb.cat\/es\/wp-json\/wp\/v2\/tramit\/47553","targetHints":{"allow":["GET"]}}],"collection":[{"href":"https:\/\/www.aspb.cat\/es\/wp-json\/wp\/v2\/tramit"}],"about":[{"href":"https:\/\/www.aspb.cat\/es\/wp-json\/wp\/v2\/types\/tramit"}],"wp:featuredmedia":[{"embeddable":true,"href":"https:\/\/www.aspb.cat\/es\/wp-json\/wp\/v2\/media\/48990"}],"wp:attachment":[{"href":"https:\/\/www.aspb.cat\/es\/wp-json\/wp\/v2\/media?parent=47553"}],"wp:term":[{"taxonomy":"tema","embeddable":true,"href":"https:\/\/www.aspb.cat\/es\/wp-json\/wp\/v2\/tema?post=47553"}],"curies":[{"name":"wp","href":"https:\/\/api.w.org\/{rel}","templated":true}]}}