{"id":7226,"date":"2016-03-14T13:58:44","date_gmt":"2016-03-14T13:58:44","guid":{"rendered":"https:\/\/www.aspb.cat\/areas\/la-salud-en-cifras\/sistema-dinformacio-de-lesions-pel-transit\/"},"modified":"2022-01-31T16:47:16","modified_gmt":"2022-01-31T16:47:16","slug":"lesiones-trafico","status":"publish","type":"page","link":"https:\/\/www.aspb.cat\/es\/areas\/salud-cifras\/lesiones-trafico\/","title":{"rendered":"Lesiones de tr\u00e1fico"},"content":{"rendered":"<p>Las lesiones de tr\u00e1fico son una de las primeras causas de defunci\u00f3n de la poblaci\u00f3n joven. Peri\u00f3dicamente, elaboramos informes sobre las lesiones de tr\u00e1fico, las caracter\u00edsticas de las colisiones, de las personas lesionadas y del modo de transporte a partir de la informaci\u00f3n recogida de las urgencias hospitalarias por accidente de tr\u00e1fico (DUHAT), de los partes de accidente de la Guardia Urbana de Barcelona y de las defunciones por veh\u00edculo de motor recogidas por el Instituto de Medicina Legal de Catalu\u00f1a.<\/p>\n","protected":false},"excerpt":{"rendered":"<p>Las lesiones de tr\u00e1fico son una de las primeras causas de defunci\u00f3n de la poblaci\u00f3n [&hellip;]\n","protected":false},"author":3,"featured_media":29121,"parent":4223,"menu_order":280,"comment_status":"closed","ping_status":"closed","template":"","meta":{"_acf_changed":false,"_monsterinsights_skip_tracking":false,"_monsterinsights_sitenote_active":false,"_monsterinsights_sitenote_note":"","_monsterinsights_sitenote_category":0,"footnotes":""},"class_list":["post-7226","page","type-page","status-publish","has-post-thumbnail","hentry","publish","author-as20pb16-x22","impar","primero"],"acf":[],"yoast_head":"<!-- This site is optimized with the Yoast SEO Premium plugin v27.5 (Yoast SEO v27.5) - https:\/\/yoast.com\/product\/yoast-seo-premium-wordpress\/ -->\n<title>Lesiones de tr\u00e1fico - ASPB<\/title>\n<meta name=\"robots\" content=\"index, follow, max-snippet:-1, max-image-preview:large, max-video-preview:-1\" \/>\n<link rel=\"canonical\" href=\"https:\/\/www.aspb.cat\/es\/areas\/salud-cifras\/lesiones-trafico\/\" \/>\n<meta property=\"og:locale\" content=\"es_ES\" \/>\n<meta property=\"og:type\" content=\"article\" \/>\n<meta property=\"og:title\" content=\"Lesiones de tr\u00e1fico\" \/>\n<meta property=\"og:description\" content=\"Las lesiones de tr\u00e1fico son una de las primeras causas de defunci\u00f3n de la poblaci\u00f3n [&hellip;]\" \/>\n<meta property=\"og:url\" content=\"https:\/\/www.aspb.cat\/es\/areas\/salud-cifras\/lesiones-trafico\/\" \/>\n<meta property=\"og:site_name\" content=\"ASPB\" \/>\n<meta property=\"article:publisher\" content=\"https:\/\/www.facebook.com\/salutpublicabcn\" \/>\n<meta property=\"article:modified_time\" content=\"2022-01-31T16:47:16+00:00\" \/>\n<meta property=\"og:image\" content=\"https:\/\/www.aspb.cat\/wp-content\/uploads\/2016\/03\/DSC00260_lesions-per-transit.jpg\" \/>\n\t<meta property=\"og:image:width\" content=\"1161\" \/>\n\t<meta property=\"og:image:height\" content=\"774\" \/>\n\t<meta property=\"og:image:type\" content=\"image\/jpeg\" \/>\n<meta name=\"twitter:card\" content=\"summary_large_image\" \/>\n<meta name=\"twitter:site\" content=\"@salutpublicabcn\" \/>\n<meta name=\"twitter:label1\" content=\"Tiempo de lectura\" \/>\n\t<meta name=\"twitter:data1\" content=\"1 minuto\" \/>\n<script type=\"application\/ld+json\" class=\"yoast-schema-graph\">{\"@context\":\"https:\\\/\\\/schema.org\",\"@graph\":[{\"@type\":\"WebPage\",\"@id\":\"https:\\\/\\\/www.aspb.cat\\\/es\\\/areas\\\/salud-cifras\\\/lesiones-trafico\\\/\",\"url\":\"https:\\\/\\\/www.aspb.cat\\\/es\\\/areas\\\/salud-cifras\\\/lesiones-trafico\\\/\",\"name\":\"Lesiones de tr\u00e1fico - ASPB\",\"isPartOf\":{\"@id\":\"https:\\\/\\\/www.aspb.cat\\\/#website\"},\"primaryImageOfPage\":{\"@id\":\"https:\\\/\\\/www.aspb.cat\\\/es\\\/areas\\\/salud-cifras\\\/lesiones-trafico\\\/#primaryimage\"},\"image\":{\"@id\":\"https:\\\/\\\/www.aspb.cat\\\/es\\\/areas\\\/salud-cifras\\\/lesiones-trafico\\\/#primaryimage\"},\"thumbnailUrl\":\"https:\\\/\\\/www.aspb.cat\\\/wp-content\\\/uploads\\\/2016\\\/03\\\/DSC00260_lesions-per-transit.jpg\",\"datePublished\":\"2016-03-14T13:58:44+00:00\",\"dateModified\":\"2022-01-31T16:47:16+00:00\",\"breadcrumb\":{\"@id\":\"https:\\\/\\\/www.aspb.cat\\\/es\\\/areas\\\/salud-cifras\\\/lesiones-trafico\\\/#breadcrumb\"},\"inLanguage\":\"es\",\"potentialAction\":[{\"@type\":\"ReadAction\",\"target\":[\"https:\\\/\\\/www.aspb.cat\\\/es\\\/areas\\\/salud-cifras\\\/lesiones-trafico\\\/\"]}]},{\"@type\":\"ImageObject\",\"inLanguage\":\"es\",\"@id\":\"https:\\\/\\\/www.aspb.cat\\\/es\\\/areas\\\/salud-cifras\\\/lesiones-trafico\\\/#primaryimage\",\"url\":\"https:\\\/\\\/www.aspb.cat\\\/wp-content\\\/uploads\\\/2016\\\/03\\\/DSC00260_lesions-per-transit.jpg\",\"contentUrl\":\"https:\\\/\\\/www.aspb.cat\\\/wp-content\\\/uploads\\\/2016\\\/03\\\/DSC00260_lesions-per-transit.jpg\",\"width\":1161,\"height\":774},{\"@type\":\"BreadcrumbList\",\"@id\":\"https:\\\/\\\/www.aspb.cat\\\/es\\\/areas\\\/salud-cifras\\\/lesiones-trafico\\\/#breadcrumb\",\"itemListElement\":[{\"@type\":\"ListItem\",\"position\":1,\"name\":\"Inici\",\"item\":\"https:\\\/\\\/www.aspb.cat\\\/es\\\/\"},{\"@type\":\"ListItem\",\"position\":2,\"name\":\"\u00c1reas\",\"item\":\"https:\\\/\\\/www.aspb.cat\\\/es\\\/areas\\\/\"},{\"@type\":\"ListItem\",\"position\":3,\"name\":\"La Salud en cifras\",\"item\":\"https:\\\/\\\/www.aspb.cat\\\/es\\\/areas\\\/salud-cifras\\\/\"},{\"@type\":\"ListItem\",\"position\":4,\"name\":\"Lesiones de tr\u00e1fico\"}]},{\"@type\":\"WebSite\",\"@id\":\"https:\\\/\\\/www.aspb.cat\\\/#website\",\"url\":\"https:\\\/\\\/www.aspb.cat\\\/\",\"name\":\"ASPB\",\"description\":\"Just another WordPress site\",\"potentialAction\":[{\"@type\":\"SearchAction\",\"target\":{\"@type\":\"EntryPoint\",\"urlTemplate\":\"https:\\\/\\\/www.aspb.cat\\\/?s={search_term_string}\"},\"query-input\":{\"@type\":\"PropertyValueSpecification\",\"valueRequired\":true,\"valueName\":\"search_term_string\"}}],\"inLanguage\":\"es\"}]}<\/script>\n<!-- \/ Yoast SEO Premium plugin. -->","yoast_head_json":{"title":"Lesiones de tr\u00e1fico - ASPB","robots":{"index":"index","follow":"follow","max-snippet":"max-snippet:-1","max-image-preview":"max-image-preview:large","max-video-preview":"max-video-preview:-1"},"canonical":"https:\/\/www.aspb.cat\/es\/areas\/salud-cifras\/lesiones-trafico\/","og_locale":"es_ES","og_type":"article","og_title":"Lesiones de tr\u00e1fico","og_description":"Las lesiones de tr\u00e1fico son una de las primeras causas de defunci\u00f3n de la poblaci\u00f3n [&hellip;]","og_url":"https:\/\/www.aspb.cat\/es\/areas\/salud-cifras\/lesiones-trafico\/","og_site_name":"ASPB","article_publisher":"https:\/\/www.facebook.com\/salutpublicabcn","article_modified_time":"2022-01-31T16:47:16+00:00","og_image":[{"width":1161,"height":774,"url":"https:\/\/www.aspb.cat\/wp-content\/uploads\/2016\/03\/DSC00260_lesions-per-transit.jpg","type":"image\/jpeg"}],"twitter_card":"summary_large_image","twitter_site":"@salutpublicabcn","twitter_misc":{"Tiempo de lectura":"1 minuto"},"schema":{"@context":"https:\/\/schema.org","@graph":[{"@type":"WebPage","@id":"https:\/\/www.aspb.cat\/es\/areas\/salud-cifras\/lesiones-trafico\/","url":"https:\/\/www.aspb.cat\/es\/areas\/salud-cifras\/lesiones-trafico\/","name":"Lesiones de tr\u00e1fico - ASPB","isPartOf":{"@id":"https:\/\/www.aspb.cat\/#website"},"primaryImageOfPage":{"@id":"https:\/\/www.aspb.cat\/es\/areas\/salud-cifras\/lesiones-trafico\/#primaryimage"},"image":{"@id":"https:\/\/www.aspb.cat\/es\/areas\/salud-cifras\/lesiones-trafico\/#primaryimage"},"thumbnailUrl":"https:\/\/www.aspb.cat\/wp-content\/uploads\/2016\/03\/DSC00260_lesions-per-transit.jpg","datePublished":"2016-03-14T13:58:44+00:00","dateModified":"2022-01-31T16:47:16+00:00","breadcrumb":{"@id":"https:\/\/www.aspb.cat\/es\/areas\/salud-cifras\/lesiones-trafico\/#breadcrumb"},"inLanguage":"es","potentialAction":[{"@type":"ReadAction","target":["https:\/\/www.aspb.cat\/es\/areas\/salud-cifras\/lesiones-trafico\/"]}]},{"@type":"ImageObject","inLanguage":"es","@id":"https:\/\/www.aspb.cat\/es\/areas\/salud-cifras\/lesiones-trafico\/#primaryimage","url":"https:\/\/www.aspb.cat\/wp-content\/uploads\/2016\/03\/DSC00260_lesions-per-transit.jpg","contentUrl":"https:\/\/www.aspb.cat\/wp-content\/uploads\/2016\/03\/DSC00260_lesions-per-transit.jpg","width":1161,"height":774},{"@type":"BreadcrumbList","@id":"https:\/\/www.aspb.cat\/es\/areas\/salud-cifras\/lesiones-trafico\/#breadcrumb","itemListElement":[{"@type":"ListItem","position":1,"name":"Inici","item":"https:\/\/www.aspb.cat\/es\/"},{"@type":"ListItem","position":2,"name":"\u00c1reas","item":"https:\/\/www.aspb.cat\/es\/areas\/"},{"@type":"ListItem","position":3,"name":"La Salud en cifras","item":"https:\/\/www.aspb.cat\/es\/areas\/salud-cifras\/"},{"@type":"ListItem","position":4,"name":"Lesiones de tr\u00e1fico"}]},{"@type":"WebSite","@id":"https:\/\/www.aspb.cat\/#website","url":"https:\/\/www.aspb.cat\/","name":"ASPB","description":"Just another WordPress site","potentialAction":[{"@type":"SearchAction","target":{"@type":"EntryPoint","urlTemplate":"https:\/\/www.aspb.cat\/?s={search_term_string}"},"query-input":{"@type":"PropertyValueSpecification","valueRequired":true,"valueName":"search_term_string"}}],"inLanguage":"es"}]}},"_links":{"self":[{"href":"https:\/\/www.aspb.cat\/es\/wp-json\/wp\/v2\/pages\/7226","targetHints":{"allow":["GET"]}}],"collection":[{"href":"https:\/\/www.aspb.cat\/es\/wp-json\/wp\/v2\/pages"}],"about":[{"href":"https:\/\/www.aspb.cat\/es\/wp-json\/wp\/v2\/types\/page"}],"author":[{"embeddable":true,"href":"https:\/\/www.aspb.cat\/es\/wp-json\/wp\/v2\/users\/3"}],"replies":[{"embeddable":true,"href":"https:\/\/www.aspb.cat\/es\/wp-json\/wp\/v2\/comments?post=7226"}],"version-history":[{"count":2,"href":"https:\/\/www.aspb.cat\/es\/wp-json\/wp\/v2\/pages\/7226\/revisions"}],"predecessor-version":[{"id":29120,"href":"https:\/\/www.aspb.cat\/es\/wp-json\/wp\/v2\/pages\/7226\/revisions\/29120"}],"up":[{"embeddable":true,"href":"https:\/\/www.aspb.cat\/es\/wp-json\/wp\/v2\/pages\/4223"}],"wp:featuredmedia":[{"embeddable":true,"href":"https:\/\/www.aspb.cat\/es\/wp-json\/wp\/v2\/media\/29121"}],"wp:attachment":[{"href":"https:\/\/www.aspb.cat\/es\/wp-json\/wp\/v2\/media?parent=7226"}],"curies":[{"name":"wp","href":"https:\/\/api.w.org\/{rel}","templated":true}]}}