{"id":54251,"date":"2024-02-19T10:58:43","date_gmt":"2024-02-19T10:58:43","guid":{"rendered":"https:\/\/www.aspb.cat\/documents\/informe-mensual-qualitat-aire-barcelona\/"},"modified":"2026-02-05T12:56:01","modified_gmt":"2026-02-05T12:56:01","slug":"informe-mensual-qualitat-aire-barcelona","status":"publish","type":"documento","link":"https:\/\/www.aspb.cat\/es\/documentos\/informe-mensual-qualitat-aire-barcelona\/","title":{"rendered":"Evoluci\u00f3n de la calidad del aire en Barcelona"},"content":{"rendered":"<p>La contaminaci\u00f3n del aire perjudica la <strong>salud<\/strong> de la poblaci\u00f3n. Aqu\u00ed presentamos la <strong>evoluci\u00f3n de los niveles<\/strong> de algunos contaminantes del aire que se vigilan en la ciudad de Barcelona y que son los que m\u00e1s afectan a la salud:<\/p>\n<ul>\n<li>El di\u00f3xido de nitr\u00f3geno (NO<sub>2<\/sub>)<\/li>\n<li>Las part\u00edculas PM<sub>10 <\/sub>(con di\u00e1metro inferior a 10 micras)<\/li>\n<li>Las part\u00edculas PM<sub>2,5<\/sub> (con di\u00e1metro inferior a 2,5 micras)<\/li>\n<\/ul>\n<p>Se muestran los niveles medidos en las estaciones de la red de vigilancia de la ciudad. Las estaciones de medida se clasifican seg\u00fan la proximidad al tr\u00e1fico en <strong>estaciones de tr\u00e1fico <\/strong>y <strong>estaciones de fondo<\/strong>.<\/p>\n<p>Los niveles de cada contaminante se comparan con el <strong>valor legal<\/strong> establecido por la Uni\u00f3n Europea y con el <strong>valor gu\u00eda <\/strong>de la Organizaci\u00f3n Mundial de la Salud (OMS). Este \u00faltimo se basa en la evidencia cient\u00edfica y se entiende como el nivel de protecci\u00f3n de la salud.<\/p>\n\n\n<div style=\"height:20px\" aria-hidden=\"true\" class=\"wp-block-spacer\"><\/div>\n\n\n<h3>Niveles de di\u00f3xido de nitr\u00f3geno (NO<sub>2<\/sub>)<\/h3>\n\n\n<div class=\"moure_faqs_aqui\"><\/div>\n\n\n<h3>Niveles de part\u00edculas PM<sub>10<\/sub><\/h3>\n\n\n<div class=\"moure_faqs_aqui\"><\/div>\n\n\n<h3>Niveles de part\u00edculas PM<sub>2,5<\/sub><\/h3>\n\n\n<div class=\"moure_faqs_aqui\"><\/div>\n\n\n<h3>Estaciones de vigilancia de la contaminaci\u00f3n atmosf\u00e9rica<\/h3>\n<p>Desde el 2026, la ciudad de Barcelona dispone de 11 estaciones fijas de medici\u00f3n adscritas a la Red de vigilancia y previsi\u00f3n de la contaminaci\u00f3n atmosf\u00e9rica (XVPCA), que incluyen 4 estaciones de tr\u00e1fico y 7 estaciones de fondos. Ocho estaciones tienen medidores autom\u00e1ticos que analizan en continuo y aportan datos a tiempo real y 3 solo disponen de equipos manuales que requieren an\u00e1lisis en el laboratorio. La estaci\u00f3n de Navas se ha incorporado en enero de 2026. Las estaciones representan las diferentes situaciones de calidad del aire de la ciudad, con <strong>m\u00e1s proximidad al tr\u00e1fico (estaciones de tr\u00e1fico) o menos (estaciones de fondos)<\/strong>. <strong>En ning\u00fan caso las estaciones representan la calidad del aire del barrio o distrito donde est\u00e1n situadas.<\/strong><\/p>\n\n\n<div class=\"moure_faqs_aqui\"><\/div>\n","protected":false},"featured_media":54252,"template":"","tema":[154,153],"tipusdocument":[178],"class_list":["post-54251","documento","type-documento","status-publish","has-post-thumbnail","hentry","tema-salud-ambiental","tema-calidad-aire","tipusdocument-datos","publish","author-jarimon","impar","primero"],"acf":[],"yoast_head":"<!-- This site is optimized with the Yoast SEO Premium plugin v27.5 (Yoast SEO v27.5) - https:\/\/yoast.com\/product\/yoast-seo-premium-wordpress\/ -->\n<title>Evoluci\u00f3n de la calidad del aire en Barcelona - ASPB<\/title>\n<meta name=\"robots\" content=\"index, follow, max-snippet:-1, max-image-preview:large, max-video-preview:-1\" \/>\n<link rel=\"canonical\" href=\"https:\/\/www.aspb.cat\/es\/documentos\/informe-mensual-qualitat-aire-barcelona\/\" \/>\n<meta property=\"og:locale\" content=\"es_ES\" \/>\n<meta property=\"og:type\" content=\"article\" \/>\n<meta property=\"og:title\" content=\"Evoluci\u00f3n de la calidad del aire en Barcelona\" \/>\n<meta property=\"og:description\" content=\"La contaminaci\u00f3n del aire perjudica la salud de la poblaci\u00f3n. Aqu\u00ed presentamos la evoluci\u00f3n de [&hellip;]\" \/>\n<meta property=\"og:url\" content=\"https:\/\/www.aspb.cat\/es\/documentos\/informe-mensual-qualitat-aire-barcelona\/\" \/>\n<meta property=\"og:site_name\" content=\"ASPB\" \/>\n<meta property=\"article:publisher\" content=\"https:\/\/www.facebook.com\/salutpublicabcn\" \/>\n<meta property=\"article:modified_time\" content=\"2026-02-05T12:56:01+00:00\" \/>\n<meta property=\"og:image\" content=\"https:\/\/www.aspb.cat\/wp-content\/uploads\/2024\/02\/informe-mensual-qualitat-aire-barcelona.jpg\" \/>\n\t<meta property=\"og:image:width\" content=\"1460\" \/>\n\t<meta property=\"og:image:height\" content=\"918\" \/>\n\t<meta property=\"og:image:type\" content=\"image\/jpeg\" \/>\n<meta name=\"twitter:card\" content=\"summary_large_image\" \/>\n<meta name=\"twitter:site\" content=\"@salutpublicabcn\" \/>\n<meta name=\"twitter:label1\" content=\"Tiempo de lectura\" \/>\n\t<meta name=\"twitter:data1\" content=\"2 minutos\" \/>\n<script type=\"application\/ld+json\" class=\"yoast-schema-graph\">{\"@context\":\"https:\\\/\\\/schema.org\",\"@graph\":[{\"@type\":\"WebPage\",\"@id\":\"https:\\\/\\\/www.aspb.cat\\\/es\\\/documentos\\\/informe-mensual-qualitat-aire-barcelona\\\/\",\"url\":\"https:\\\/\\\/www.aspb.cat\\\/es\\\/documentos\\\/informe-mensual-qualitat-aire-barcelona\\\/\",\"name\":\"Evoluci\u00f3n de la calidad del aire en Barcelona - ASPB\",\"isPartOf\":{\"@id\":\"https:\\\/\\\/www.aspb.cat\\\/#website\"},\"primaryImageOfPage\":{\"@id\":\"https:\\\/\\\/www.aspb.cat\\\/es\\\/documentos\\\/informe-mensual-qualitat-aire-barcelona\\\/#primaryimage\"},\"image\":{\"@id\":\"https:\\\/\\\/www.aspb.cat\\\/es\\\/documentos\\\/informe-mensual-qualitat-aire-barcelona\\\/#primaryimage\"},\"thumbnailUrl\":\"https:\\\/\\\/www.aspb.cat\\\/wp-content\\\/uploads\\\/2024\\\/02\\\/informe-mensual-qualitat-aire-barcelona.jpg\",\"datePublished\":\"2024-02-19T10:58:43+00:00\",\"dateModified\":\"2026-02-05T12:56:01+00:00\",\"breadcrumb\":{\"@id\":\"https:\\\/\\\/www.aspb.cat\\\/es\\\/documentos\\\/informe-mensual-qualitat-aire-barcelona\\\/#breadcrumb\"},\"inLanguage\":\"es\",\"potentialAction\":[{\"@type\":\"ReadAction\",\"target\":[\"https:\\\/\\\/www.aspb.cat\\\/es\\\/documentos\\\/informe-mensual-qualitat-aire-barcelona\\\/\"]}]},{\"@type\":\"ImageObject\",\"inLanguage\":\"es\",\"@id\":\"https:\\\/\\\/www.aspb.cat\\\/es\\\/documentos\\\/informe-mensual-qualitat-aire-barcelona\\\/#primaryimage\",\"url\":\"https:\\\/\\\/www.aspb.cat\\\/wp-content\\\/uploads\\\/2024\\\/02\\\/informe-mensual-qualitat-aire-barcelona.jpg\",\"contentUrl\":\"https:\\\/\\\/www.aspb.cat\\\/wp-content\\\/uploads\\\/2024\\\/02\\\/informe-mensual-qualitat-aire-barcelona.jpg\",\"width\":1460,\"height\":918},{\"@type\":\"BreadcrumbList\",\"@id\":\"https:\\\/\\\/www.aspb.cat\\\/es\\\/documentos\\\/informe-mensual-qualitat-aire-barcelona\\\/#breadcrumb\",\"itemListElement\":[{\"@type\":\"ListItem\",\"position\":1,\"name\":\"Inici\",\"item\":\"https:\\\/\\\/www.aspb.cat\\\/es\\\/\"},{\"@type\":\"ListItem\",\"position\":2,\"name\":\"Documents\",\"item\":\"https:\\\/\\\/www.aspb.cat\\\/documents\\\/\"},{\"@type\":\"ListItem\",\"position\":3,\"name\":\"Evoluci\u00f3n de la calidad del aire en Barcelona\"}]},{\"@type\":\"WebSite\",\"@id\":\"https:\\\/\\\/www.aspb.cat\\\/#website\",\"url\":\"https:\\\/\\\/www.aspb.cat\\\/\",\"name\":\"ASPB\",\"description\":\"Just another WordPress site\",\"potentialAction\":[{\"@type\":\"SearchAction\",\"target\":{\"@type\":\"EntryPoint\",\"urlTemplate\":\"https:\\\/\\\/www.aspb.cat\\\/?s={search_term_string}\"},\"query-input\":{\"@type\":\"PropertyValueSpecification\",\"valueRequired\":true,\"valueName\":\"search_term_string\"}}],\"inLanguage\":\"es\"}]}<\/script>\n<!-- \/ Yoast SEO Premium plugin. -->","yoast_head_json":{"title":"Evoluci\u00f3n de la calidad del aire en Barcelona - ASPB","robots":{"index":"index","follow":"follow","max-snippet":"max-snippet:-1","max-image-preview":"max-image-preview:large","max-video-preview":"max-video-preview:-1"},"canonical":"https:\/\/www.aspb.cat\/es\/documentos\/informe-mensual-qualitat-aire-barcelona\/","og_locale":"es_ES","og_type":"article","og_title":"Evoluci\u00f3n de la calidad del aire en Barcelona","og_description":"La contaminaci\u00f3n del aire perjudica la salud de la poblaci\u00f3n. Aqu\u00ed presentamos la evoluci\u00f3n de [&hellip;]","og_url":"https:\/\/www.aspb.cat\/es\/documentos\/informe-mensual-qualitat-aire-barcelona\/","og_site_name":"ASPB","article_publisher":"https:\/\/www.facebook.com\/salutpublicabcn","article_modified_time":"2026-02-05T12:56:01+00:00","og_image":[{"width":1460,"height":918,"url":"https:\/\/www.aspb.cat\/wp-content\/uploads\/2024\/02\/informe-mensual-qualitat-aire-barcelona.jpg","type":"image\/jpeg"}],"twitter_card":"summary_large_image","twitter_site":"@salutpublicabcn","twitter_misc":{"Tiempo de lectura":"2 minutos"},"schema":{"@context":"https:\/\/schema.org","@graph":[{"@type":"WebPage","@id":"https:\/\/www.aspb.cat\/es\/documentos\/informe-mensual-qualitat-aire-barcelona\/","url":"https:\/\/www.aspb.cat\/es\/documentos\/informe-mensual-qualitat-aire-barcelona\/","name":"Evoluci\u00f3n de la calidad del aire en Barcelona - ASPB","isPartOf":{"@id":"https:\/\/www.aspb.cat\/#website"},"primaryImageOfPage":{"@id":"https:\/\/www.aspb.cat\/es\/documentos\/informe-mensual-qualitat-aire-barcelona\/#primaryimage"},"image":{"@id":"https:\/\/www.aspb.cat\/es\/documentos\/informe-mensual-qualitat-aire-barcelona\/#primaryimage"},"thumbnailUrl":"https:\/\/www.aspb.cat\/wp-content\/uploads\/2024\/02\/informe-mensual-qualitat-aire-barcelona.jpg","datePublished":"2024-02-19T10:58:43+00:00","dateModified":"2026-02-05T12:56:01+00:00","breadcrumb":{"@id":"https:\/\/www.aspb.cat\/es\/documentos\/informe-mensual-qualitat-aire-barcelona\/#breadcrumb"},"inLanguage":"es","potentialAction":[{"@type":"ReadAction","target":["https:\/\/www.aspb.cat\/es\/documentos\/informe-mensual-qualitat-aire-barcelona\/"]}]},{"@type":"ImageObject","inLanguage":"es","@id":"https:\/\/www.aspb.cat\/es\/documentos\/informe-mensual-qualitat-aire-barcelona\/#primaryimage","url":"https:\/\/www.aspb.cat\/wp-content\/uploads\/2024\/02\/informe-mensual-qualitat-aire-barcelona.jpg","contentUrl":"https:\/\/www.aspb.cat\/wp-content\/uploads\/2024\/02\/informe-mensual-qualitat-aire-barcelona.jpg","width":1460,"height":918},{"@type":"BreadcrumbList","@id":"https:\/\/www.aspb.cat\/es\/documentos\/informe-mensual-qualitat-aire-barcelona\/#breadcrumb","itemListElement":[{"@type":"ListItem","position":1,"name":"Inici","item":"https:\/\/www.aspb.cat\/es\/"},{"@type":"ListItem","position":2,"name":"Documents","item":"https:\/\/www.aspb.cat\/documents\/"},{"@type":"ListItem","position":3,"name":"Evoluci\u00f3n de la calidad del aire en Barcelona"}]},{"@type":"WebSite","@id":"https:\/\/www.aspb.cat\/#website","url":"https:\/\/www.aspb.cat\/","name":"ASPB","description":"Just another WordPress site","potentialAction":[{"@type":"SearchAction","target":{"@type":"EntryPoint","urlTemplate":"https:\/\/www.aspb.cat\/?s={search_term_string}"},"query-input":{"@type":"PropertyValueSpecification","valueRequired":true,"valueName":"search_term_string"}}],"inLanguage":"es"}]}},"_links":{"self":[{"href":"https:\/\/www.aspb.cat\/es\/wp-json\/wp\/v2\/documento\/54251","targetHints":{"allow":["GET"]}}],"collection":[{"href":"https:\/\/www.aspb.cat\/es\/wp-json\/wp\/v2\/documento"}],"about":[{"href":"https:\/\/www.aspb.cat\/es\/wp-json\/wp\/v2\/types\/documento"}],"version-history":[{"count":7,"href":"https:\/\/www.aspb.cat\/es\/wp-json\/wp\/v2\/documento\/54251\/revisions"}],"predecessor-version":[{"id":62214,"href":"https:\/\/www.aspb.cat\/es\/wp-json\/wp\/v2\/documento\/54251\/revisions\/62214"}],"wp:featuredmedia":[{"embeddable":true,"href":"https:\/\/www.aspb.cat\/es\/wp-json\/wp\/v2\/media\/54252"}],"wp:attachment":[{"href":"https:\/\/www.aspb.cat\/es\/wp-json\/wp\/v2\/media?parent=54251"}],"wp:term":[{"taxonomy":"tema","embeddable":true,"href":"https:\/\/www.aspb.cat\/es\/wp-json\/wp\/v2\/tema?post=54251"},{"taxonomy":"tipusdocument","embeddable":true,"href":"https:\/\/www.aspb.cat\/es\/wp-json\/wp\/v2\/tipusdocument?post=54251"}],"curies":[{"name":"wp","href":"https:\/\/api.w.org\/{rel}","templated":true}]}}