{"id":49467,"date":"2023-04-05T15:15:53","date_gmt":"2023-04-05T15:15:53","guid":{"rendered":"https:\/\/www.aspb.cat\/documents\/desigualtats-genere-salut-barcelona\/"},"modified":"2023-05-04T11:41:08","modified_gmt":"2023-05-04T11:41:08","slug":"desigualdades-genero-salud-barcelona","status":"publish","type":"documento","link":"https:\/\/www.aspb.cat\/es\/documentos\/desigualdades-genero-salud-barcelona\/","title":{"rendered":"Desigualdades de g\u00e9nero en la salud en Barcelona"},"content":{"rendered":"<p>En este estudio se analizan los determinantes sociales y las desigualdades de g\u00e9nero en la salud en la ciudad de Barcelona adoptando, adem\u00e1s de un abordaje de curso de vida, una perspectiva interseccional, es decir, se tienen en cuenta varios ejes de desigualdad. El an\u00e1lisis muestra profundas diferencias y desigualdades de g\u00e9nero en los h\u00e1bitos relacionados con la salud y otras conductas, roles, condiciones de vida, estado de salud y uso de servicios sanitarios. Asimismo, evidencia la frecuente intersecci\u00f3n con el nivel socioecon\u00f3mico y el pa\u00eds de procedencia. Estas marcadas desigualdades requieren pol\u00edticas intersectoriales con perspectiva de g\u00e9nero e interseccional.<\/p>\n","protected":false},"featured_media":49468,"template":"","tema":[149,150],"tipusdocument":[167],"class_list":["post-49467","documento","type-documento","status-publish","has-post-thumbnail","hentry","tema-salud-barcelona","tema-salud-cifras-es","tipusdocument-informes","publish","author-ext_acaillab","impar","primero"],"acf":[],"yoast_head":"<!-- This site is optimized with the Yoast SEO Premium plugin v27.5 (Yoast SEO v27.5) - https:\/\/yoast.com\/product\/yoast-seo-premium-wordpress\/ -->\n<title>Desigualdades de g\u00e9nero en la salud en Barcelona - ASPB<\/title>\n<meta name=\"robots\" content=\"index, follow, max-snippet:-1, max-image-preview:large, max-video-preview:-1\" \/>\n<link rel=\"canonical\" href=\"https:\/\/www.aspb.cat\/es\/documents\/desigualdades-genero-salud-barcelona\/\" \/>\n<meta property=\"og:locale\" content=\"es_ES\" \/>\n<meta property=\"og:type\" content=\"article\" \/>\n<meta property=\"og:title\" content=\"Desigualdades de g\u00e9nero en la salud en Barcelona\" \/>\n<meta property=\"og:description\" content=\"En este estudio se analizan los determinantes sociales y las desigualdades de g\u00e9nero en la [&hellip;]\" \/>\n<meta property=\"og:url\" content=\"https:\/\/www.aspb.cat\/es\/documents\/desigualdades-genero-salud-barcelona\/\" \/>\n<meta property=\"og:site_name\" content=\"ASPB\" \/>\n<meta property=\"article:publisher\" content=\"https:\/\/www.facebook.com\/salutpublicabcn\" \/>\n<meta property=\"article:modified_time\" content=\"2023-05-04T11:41:08+00:00\" \/>\n<meta property=\"og:image\" content=\"https:\/\/www.aspb.cat\/wp-content\/uploads\/2023\/04\/Desigualtats-genere-salut-Barcelona.jpg\" \/>\n\t<meta property=\"og:image:width\" content=\"595\" \/>\n\t<meta property=\"og:image:height\" content=\"842\" \/>\n\t<meta property=\"og:image:type\" content=\"image\/jpeg\" \/>\n<meta name=\"twitter:card\" content=\"summary_large_image\" \/>\n<meta name=\"twitter:site\" content=\"@salutpublicabcn\" \/>\n<meta name=\"twitter:label1\" content=\"Tiempo de lectura\" \/>\n\t<meta name=\"twitter:data1\" content=\"1 minuto\" \/>\n<script type=\"application\/ld+json\" class=\"yoast-schema-graph\">{\"@context\":\"https:\\\/\\\/schema.org\",\"@graph\":[{\"@type\":\"WebPage\",\"@id\":\"https:\\\/\\\/www.aspb.cat\\\/es\\\/documents\\\/desigualdades-genero-salud-barcelona\\\/\",\"url\":\"https:\\\/\\\/www.aspb.cat\\\/es\\\/documents\\\/desigualdades-genero-salud-barcelona\\\/\",\"name\":\"Desigualdades de g\u00e9nero en la salud en Barcelona - ASPB\",\"isPartOf\":{\"@id\":\"https:\\\/\\\/www.aspb.cat\\\/#website\"},\"primaryImageOfPage\":{\"@id\":\"https:\\\/\\\/www.aspb.cat\\\/es\\\/documents\\\/desigualdades-genero-salud-barcelona\\\/#primaryimage\"},\"image\":{\"@id\":\"https:\\\/\\\/www.aspb.cat\\\/es\\\/documents\\\/desigualdades-genero-salud-barcelona\\\/#primaryimage\"},\"thumbnailUrl\":\"https:\\\/\\\/www.aspb.cat\\\/wp-content\\\/uploads\\\/2023\\\/04\\\/Desigualtats-genere-salut-Barcelona.jpg\",\"datePublished\":\"2023-04-05T15:15:53+00:00\",\"dateModified\":\"2023-05-04T11:41:08+00:00\",\"breadcrumb\":{\"@id\":\"https:\\\/\\\/www.aspb.cat\\\/es\\\/documents\\\/desigualdades-genero-salud-barcelona\\\/#breadcrumb\"},\"inLanguage\":\"es\",\"potentialAction\":[{\"@type\":\"ReadAction\",\"target\":[\"https:\\\/\\\/www.aspb.cat\\\/es\\\/documents\\\/desigualdades-genero-salud-barcelona\\\/\"]}]},{\"@type\":\"ImageObject\",\"inLanguage\":\"es\",\"@id\":\"https:\\\/\\\/www.aspb.cat\\\/es\\\/documents\\\/desigualdades-genero-salud-barcelona\\\/#primaryimage\",\"url\":\"https:\\\/\\\/www.aspb.cat\\\/wp-content\\\/uploads\\\/2023\\\/04\\\/Desigualtats-genere-salut-Barcelona.jpg\",\"contentUrl\":\"https:\\\/\\\/www.aspb.cat\\\/wp-content\\\/uploads\\\/2023\\\/04\\\/Desigualtats-genere-salut-Barcelona.jpg\",\"width\":595,\"height\":842},{\"@type\":\"BreadcrumbList\",\"@id\":\"https:\\\/\\\/www.aspb.cat\\\/es\\\/documents\\\/desigualdades-genero-salud-barcelona\\\/#breadcrumb\",\"itemListElement\":[{\"@type\":\"ListItem\",\"position\":1,\"name\":\"Inici\",\"item\":\"https:\\\/\\\/www.aspb.cat\\\/es\\\/\"},{\"@type\":\"ListItem\",\"position\":2,\"name\":\"Documents\",\"item\":\"https:\\\/\\\/www.aspb.cat\\\/documents\\\/\"},{\"@type\":\"ListItem\",\"position\":3,\"name\":\"Desigualdades de g\u00e9nero en la salud en Barcelona\"}]},{\"@type\":\"WebSite\",\"@id\":\"https:\\\/\\\/www.aspb.cat\\\/#website\",\"url\":\"https:\\\/\\\/www.aspb.cat\\\/\",\"name\":\"ASPB\",\"description\":\"Just another WordPress site\",\"potentialAction\":[{\"@type\":\"SearchAction\",\"target\":{\"@type\":\"EntryPoint\",\"urlTemplate\":\"https:\\\/\\\/www.aspb.cat\\\/?s={search_term_string}\"},\"query-input\":{\"@type\":\"PropertyValueSpecification\",\"valueRequired\":true,\"valueName\":\"search_term_string\"}}],\"inLanguage\":\"es\"}]}<\/script>\n<!-- \/ Yoast SEO Premium plugin. -->","yoast_head_json":{"title":"Desigualdades de g\u00e9nero en la salud en Barcelona - ASPB","robots":{"index":"index","follow":"follow","max-snippet":"max-snippet:-1","max-image-preview":"max-image-preview:large","max-video-preview":"max-video-preview:-1"},"canonical":"https:\/\/www.aspb.cat\/es\/documents\/desigualdades-genero-salud-barcelona\/","og_locale":"es_ES","og_type":"article","og_title":"Desigualdades de g\u00e9nero en la salud en Barcelona","og_description":"En este estudio se analizan los determinantes sociales y las desigualdades de g\u00e9nero en la [&hellip;]","og_url":"https:\/\/www.aspb.cat\/es\/documents\/desigualdades-genero-salud-barcelona\/","og_site_name":"ASPB","article_publisher":"https:\/\/www.facebook.com\/salutpublicabcn","article_modified_time":"2023-05-04T11:41:08+00:00","og_image":[{"width":595,"height":842,"url":"https:\/\/www.aspb.cat\/wp-content\/uploads\/2023\/04\/Desigualtats-genere-salut-Barcelona.jpg","type":"image\/jpeg"}],"twitter_card":"summary_large_image","twitter_site":"@salutpublicabcn","twitter_misc":{"Tiempo de lectura":"1 minuto"},"schema":{"@context":"https:\/\/schema.org","@graph":[{"@type":"WebPage","@id":"https:\/\/www.aspb.cat\/es\/documents\/desigualdades-genero-salud-barcelona\/","url":"https:\/\/www.aspb.cat\/es\/documents\/desigualdades-genero-salud-barcelona\/","name":"Desigualdades de g\u00e9nero en la salud en Barcelona - ASPB","isPartOf":{"@id":"https:\/\/www.aspb.cat\/#website"},"primaryImageOfPage":{"@id":"https:\/\/www.aspb.cat\/es\/documents\/desigualdades-genero-salud-barcelona\/#primaryimage"},"image":{"@id":"https:\/\/www.aspb.cat\/es\/documents\/desigualdades-genero-salud-barcelona\/#primaryimage"},"thumbnailUrl":"https:\/\/www.aspb.cat\/wp-content\/uploads\/2023\/04\/Desigualtats-genere-salut-Barcelona.jpg","datePublished":"2023-04-05T15:15:53+00:00","dateModified":"2023-05-04T11:41:08+00:00","breadcrumb":{"@id":"https:\/\/www.aspb.cat\/es\/documents\/desigualdades-genero-salud-barcelona\/#breadcrumb"},"inLanguage":"es","potentialAction":[{"@type":"ReadAction","target":["https:\/\/www.aspb.cat\/es\/documents\/desigualdades-genero-salud-barcelona\/"]}]},{"@type":"ImageObject","inLanguage":"es","@id":"https:\/\/www.aspb.cat\/es\/documents\/desigualdades-genero-salud-barcelona\/#primaryimage","url":"https:\/\/www.aspb.cat\/wp-content\/uploads\/2023\/04\/Desigualtats-genere-salut-Barcelona.jpg","contentUrl":"https:\/\/www.aspb.cat\/wp-content\/uploads\/2023\/04\/Desigualtats-genere-salut-Barcelona.jpg","width":595,"height":842},{"@type":"BreadcrumbList","@id":"https:\/\/www.aspb.cat\/es\/documents\/desigualdades-genero-salud-barcelona\/#breadcrumb","itemListElement":[{"@type":"ListItem","position":1,"name":"Inici","item":"https:\/\/www.aspb.cat\/es\/"},{"@type":"ListItem","position":2,"name":"Documents","item":"https:\/\/www.aspb.cat\/documents\/"},{"@type":"ListItem","position":3,"name":"Desigualdades de g\u00e9nero en la salud en Barcelona"}]},{"@type":"WebSite","@id":"https:\/\/www.aspb.cat\/#website","url":"https:\/\/www.aspb.cat\/","name":"ASPB","description":"Just another WordPress site","potentialAction":[{"@type":"SearchAction","target":{"@type":"EntryPoint","urlTemplate":"https:\/\/www.aspb.cat\/?s={search_term_string}"},"query-input":{"@type":"PropertyValueSpecification","valueRequired":true,"valueName":"search_term_string"}}],"inLanguage":"es"}]}},"_links":{"self":[{"href":"https:\/\/www.aspb.cat\/es\/wp-json\/wp\/v2\/documento\/49467","targetHints":{"allow":["GET"]}}],"collection":[{"href":"https:\/\/www.aspb.cat\/es\/wp-json\/wp\/v2\/documento"}],"about":[{"href":"https:\/\/www.aspb.cat\/es\/wp-json\/wp\/v2\/types\/documento"}],"version-history":[{"count":4,"href":"https:\/\/www.aspb.cat\/es\/wp-json\/wp\/v2\/documento\/49467\/revisions"}],"predecessor-version":[{"id":49867,"href":"https:\/\/www.aspb.cat\/es\/wp-json\/wp\/v2\/documento\/49467\/revisions\/49867"}],"wp:featuredmedia":[{"embeddable":true,"href":"https:\/\/www.aspb.cat\/es\/wp-json\/wp\/v2\/media\/49468"}],"wp:attachment":[{"href":"https:\/\/www.aspb.cat\/es\/wp-json\/wp\/v2\/media?parent=49467"}],"wp:term":[{"taxonomy":"tema","embeddable":true,"href":"https:\/\/www.aspb.cat\/es\/wp-json\/wp\/v2\/tema?post=49467"},{"taxonomy":"tipusdocument","embeddable":true,"href":"https:\/\/www.aspb.cat\/es\/wp-json\/wp\/v2\/tipusdocument?post=49467"}],"curies":[{"name":"wp","href":"https:\/\/api.w.org\/{rel}","templated":true}]}}