{"id":33577,"date":"2021-05-28T09:13:11","date_gmt":"2021-05-28T09:13:11","guid":{"rendered":"https:\/\/www.aspb.cat\/documents\/23-03-2021-sollor-i-impacte-a-la-salut\/"},"modified":"2023-04-11T11:57:15","modified_gmt":"2023-04-11T11:57:15","slug":"23-03-2021-ruido-impacto-salud","status":"publish","type":"documento","link":"https:\/\/www.aspb.cat\/es\/documentos\/23-03-2021-ruido-impacto-salud\/","title":{"rendered":"23\/03\/2021. Ruido e impacto en la salud"},"content":{"rendered":"\n<div class=\"video_wrapper\"><iframe width=\"560\" height=\"315\" src=\"https:\/\/www.youtube.com\/embed\/fxtZNuHaEFM\" title=\"YouTube video player\" frameborder=\"0\" allow=\"accelerometer; autoplay; clipboard-write; encrypted-media; gyroscope; picture-in-picture\" allowfullscreen=\"\"><\/iframe><\/div>\n\n\n\n<div class=\"figure\"><\/div>\n\n\n\n<p><strong>Moderaci\u00f3n:<\/strong> Anna G\u00f3mez, <em>Ag\u00e8ncia de Salut P\u00fablica de Barcelona<\/em><\/p>\n\n\n\n<p><br><strong>Ponencias:<\/strong><\/p>\n\n\n\n<div class=\"figure\"><\/div>\n\n\n\n<ul class=\"wp-block-list\">\n<li><strong>Efectos en salud del ruido ambiental: evidencia epidemiologica.<\/strong> <br>\u00a0Maria Foraster. Institut de Salut Global de Barcelona.<\/li>\n\n\n\n<li><strong>Presentaci\u00f3n del informe \u00abSoroll ambiental i salut a Barcelona\u00bb.<\/strong><br>\u00a0N\u00faria Blanes i Laia Font. ETC\/ATNI \u2013 Universitat Aut\u00f2noma de Barcelona. Ag\u00e8ncia de Salut P\u00fablica de Barcelona.<\/li>\n\n\n\n<li><strong>La gesti\u00f3n del ruido ambiental en Barcelona.<\/strong><br>\u00a0Arantxa Mill\u00e1s. Ajuntament de Barcelona.<\/li>\n<\/ul>\n","protected":false},"featured_media":30813,"template":"","tema":[154,166,291],"tipusdocument":[339],"class_list":["post-33577","documento","type-documento","status-publish","has-post-thumbnail","hentry","tema-salud-ambiental","tema-investigacion-docencia","tema-sesiones-cientificas-es","tipusdocument-sesiones-cientificas","publish","author-ext_acaillab","impar","primero"],"acf":[],"yoast_head":"<!-- This site is optimized with the Yoast SEO Premium plugin v27.5 (Yoast SEO v27.5) - https:\/\/yoast.com\/product\/yoast-seo-premium-wordpress\/ -->\n<title>23\/03\/2021. Ruido e impacto en la salud - ASPB<\/title>\n<meta name=\"robots\" content=\"index, follow, max-snippet:-1, max-image-preview:large, max-video-preview:-1\" \/>\n<link rel=\"canonical\" href=\"https:\/\/www.aspb.cat\/es\/documentos\/23-03-2021-ruido-impacto-salud\/\" \/>\n<meta property=\"og:locale\" content=\"es_ES\" \/>\n<meta property=\"og:type\" content=\"article\" \/>\n<meta property=\"og:title\" content=\"23\/03\/2021. Ruido e impacto en la salud\" \/>\n<meta property=\"og:description\" content=\"Moderaci\u00f3n: Anna G\u00f3mez, Ag\u00e8ncia de Salut P\u00fablica de Barcelona Ponencias:\" \/>\n<meta property=\"og:url\" content=\"https:\/\/www.aspb.cat\/es\/documentos\/23-03-2021-ruido-impacto-salud\/\" \/>\n<meta property=\"og:site_name\" content=\"ASPB\" \/>\n<meta property=\"article:publisher\" content=\"https:\/\/www.facebook.com\/salutpublicabcn\" \/>\n<meta property=\"article:modified_time\" content=\"2023-04-11T11:57:15+00:00\" \/>\n<meta property=\"og:image\" content=\"https:\/\/www.aspb.cat\/wp-content\/uploads\/2021\/03\/ASPB-SessionsCientifiques_soroll-ambiental-salut-NOT.jpg\" \/>\n\t<meta property=\"og:image:width\" content=\"1521\" \/>\n\t<meta property=\"og:image:height\" content=\"956\" \/>\n\t<meta property=\"og:image:type\" content=\"image\/jpeg\" \/>\n<meta name=\"twitter:card\" content=\"summary_large_image\" \/>\n<meta name=\"twitter:site\" content=\"@salutpublicabcn\" \/>\n<meta name=\"twitter:label1\" content=\"Tiempo de lectura\" \/>\n\t<meta name=\"twitter:data1\" content=\"1 minuto\" \/>\n<script type=\"application\/ld+json\" class=\"yoast-schema-graph\">{\"@context\":\"https:\\\/\\\/schema.org\",\"@graph\":[{\"@type\":\"WebPage\",\"@id\":\"https:\\\/\\\/www.aspb.cat\\\/es\\\/documentos\\\/23-03-2021-ruido-impacto-salud\\\/\",\"url\":\"https:\\\/\\\/www.aspb.cat\\\/es\\\/documentos\\\/23-03-2021-ruido-impacto-salud\\\/\",\"name\":\"23\\\/03\\\/2021. Ruido e impacto en la salud - ASPB\",\"isPartOf\":{\"@id\":\"https:\\\/\\\/www.aspb.cat\\\/#website\"},\"primaryImageOfPage\":{\"@id\":\"https:\\\/\\\/www.aspb.cat\\\/es\\\/documentos\\\/23-03-2021-ruido-impacto-salud\\\/#primaryimage\"},\"image\":{\"@id\":\"https:\\\/\\\/www.aspb.cat\\\/es\\\/documentos\\\/23-03-2021-ruido-impacto-salud\\\/#primaryimage\"},\"thumbnailUrl\":\"https:\\\/\\\/www.aspb.cat\\\/wp-content\\\/uploads\\\/2021\\\/03\\\/ASPB-SessionsCientifiques_soroll-ambiental-salut-NOT.jpg\",\"datePublished\":\"2021-05-28T09:13:11+00:00\",\"dateModified\":\"2023-04-11T11:57:15+00:00\",\"breadcrumb\":{\"@id\":\"https:\\\/\\\/www.aspb.cat\\\/es\\\/documentos\\\/23-03-2021-ruido-impacto-salud\\\/#breadcrumb\"},\"inLanguage\":\"es\",\"potentialAction\":[{\"@type\":\"ReadAction\",\"target\":[\"https:\\\/\\\/www.aspb.cat\\\/es\\\/documentos\\\/23-03-2021-ruido-impacto-salud\\\/\"]}]},{\"@type\":\"ImageObject\",\"inLanguage\":\"es\",\"@id\":\"https:\\\/\\\/www.aspb.cat\\\/es\\\/documentos\\\/23-03-2021-ruido-impacto-salud\\\/#primaryimage\",\"url\":\"https:\\\/\\\/www.aspb.cat\\\/wp-content\\\/uploads\\\/2021\\\/03\\\/ASPB-SessionsCientifiques_soroll-ambiental-salut-NOT.jpg\",\"contentUrl\":\"https:\\\/\\\/www.aspb.cat\\\/wp-content\\\/uploads\\\/2021\\\/03\\\/ASPB-SessionsCientifiques_soroll-ambiental-salut-NOT.jpg\",\"width\":1521,\"height\":956},{\"@type\":\"BreadcrumbList\",\"@id\":\"https:\\\/\\\/www.aspb.cat\\\/es\\\/documentos\\\/23-03-2021-ruido-impacto-salud\\\/#breadcrumb\",\"itemListElement\":[{\"@type\":\"ListItem\",\"position\":1,\"name\":\"Inici\",\"item\":\"https:\\\/\\\/www.aspb.cat\\\/es\\\/\"},{\"@type\":\"ListItem\",\"position\":2,\"name\":\"Documents\",\"item\":\"https:\\\/\\\/www.aspb.cat\\\/documents\\\/\"},{\"@type\":\"ListItem\",\"position\":3,\"name\":\"23\\\/03\\\/2021. Ruido e impacto en la salud\"}]},{\"@type\":\"WebSite\",\"@id\":\"https:\\\/\\\/www.aspb.cat\\\/#website\",\"url\":\"https:\\\/\\\/www.aspb.cat\\\/\",\"name\":\"ASPB\",\"description\":\"Just another WordPress site\",\"potentialAction\":[{\"@type\":\"SearchAction\",\"target\":{\"@type\":\"EntryPoint\",\"urlTemplate\":\"https:\\\/\\\/www.aspb.cat\\\/?s={search_term_string}\"},\"query-input\":{\"@type\":\"PropertyValueSpecification\",\"valueRequired\":true,\"valueName\":\"search_term_string\"}}],\"inLanguage\":\"es\"}]}<\/script>\n<!-- \/ Yoast SEO Premium plugin. -->","yoast_head_json":{"title":"23\/03\/2021. Ruido e impacto en la salud - ASPB","robots":{"index":"index","follow":"follow","max-snippet":"max-snippet:-1","max-image-preview":"max-image-preview:large","max-video-preview":"max-video-preview:-1"},"canonical":"https:\/\/www.aspb.cat\/es\/documentos\/23-03-2021-ruido-impacto-salud\/","og_locale":"es_ES","og_type":"article","og_title":"23\/03\/2021. Ruido e impacto en la salud","og_description":"Moderaci\u00f3n: Anna G\u00f3mez, Ag\u00e8ncia de Salut P\u00fablica de Barcelona Ponencias:","og_url":"https:\/\/www.aspb.cat\/es\/documentos\/23-03-2021-ruido-impacto-salud\/","og_site_name":"ASPB","article_publisher":"https:\/\/www.facebook.com\/salutpublicabcn","article_modified_time":"2023-04-11T11:57:15+00:00","og_image":[{"width":1521,"height":956,"url":"https:\/\/www.aspb.cat\/wp-content\/uploads\/2021\/03\/ASPB-SessionsCientifiques_soroll-ambiental-salut-NOT.jpg","type":"image\/jpeg"}],"twitter_card":"summary_large_image","twitter_site":"@salutpublicabcn","twitter_misc":{"Tiempo de lectura":"1 minuto"},"schema":{"@context":"https:\/\/schema.org","@graph":[{"@type":"WebPage","@id":"https:\/\/www.aspb.cat\/es\/documentos\/23-03-2021-ruido-impacto-salud\/","url":"https:\/\/www.aspb.cat\/es\/documentos\/23-03-2021-ruido-impacto-salud\/","name":"23\/03\/2021. Ruido e impacto en la salud - ASPB","isPartOf":{"@id":"https:\/\/www.aspb.cat\/#website"},"primaryImageOfPage":{"@id":"https:\/\/www.aspb.cat\/es\/documentos\/23-03-2021-ruido-impacto-salud\/#primaryimage"},"image":{"@id":"https:\/\/www.aspb.cat\/es\/documentos\/23-03-2021-ruido-impacto-salud\/#primaryimage"},"thumbnailUrl":"https:\/\/www.aspb.cat\/wp-content\/uploads\/2021\/03\/ASPB-SessionsCientifiques_soroll-ambiental-salut-NOT.jpg","datePublished":"2021-05-28T09:13:11+00:00","dateModified":"2023-04-11T11:57:15+00:00","breadcrumb":{"@id":"https:\/\/www.aspb.cat\/es\/documentos\/23-03-2021-ruido-impacto-salud\/#breadcrumb"},"inLanguage":"es","potentialAction":[{"@type":"ReadAction","target":["https:\/\/www.aspb.cat\/es\/documentos\/23-03-2021-ruido-impacto-salud\/"]}]},{"@type":"ImageObject","inLanguage":"es","@id":"https:\/\/www.aspb.cat\/es\/documentos\/23-03-2021-ruido-impacto-salud\/#primaryimage","url":"https:\/\/www.aspb.cat\/wp-content\/uploads\/2021\/03\/ASPB-SessionsCientifiques_soroll-ambiental-salut-NOT.jpg","contentUrl":"https:\/\/www.aspb.cat\/wp-content\/uploads\/2021\/03\/ASPB-SessionsCientifiques_soroll-ambiental-salut-NOT.jpg","width":1521,"height":956},{"@type":"BreadcrumbList","@id":"https:\/\/www.aspb.cat\/es\/documentos\/23-03-2021-ruido-impacto-salud\/#breadcrumb","itemListElement":[{"@type":"ListItem","position":1,"name":"Inici","item":"https:\/\/www.aspb.cat\/es\/"},{"@type":"ListItem","position":2,"name":"Documents","item":"https:\/\/www.aspb.cat\/documents\/"},{"@type":"ListItem","position":3,"name":"23\/03\/2021. Ruido e impacto en la salud"}]},{"@type":"WebSite","@id":"https:\/\/www.aspb.cat\/#website","url":"https:\/\/www.aspb.cat\/","name":"ASPB","description":"Just another WordPress site","potentialAction":[{"@type":"SearchAction","target":{"@type":"EntryPoint","urlTemplate":"https:\/\/www.aspb.cat\/?s={search_term_string}"},"query-input":{"@type":"PropertyValueSpecification","valueRequired":true,"valueName":"search_term_string"}}],"inLanguage":"es"}]}},"_links":{"self":[{"href":"https:\/\/www.aspb.cat\/es\/wp-json\/wp\/v2\/documento\/33577","targetHints":{"allow":["GET"]}}],"collection":[{"href":"https:\/\/www.aspb.cat\/es\/wp-json\/wp\/v2\/documento"}],"about":[{"href":"https:\/\/www.aspb.cat\/es\/wp-json\/wp\/v2\/types\/documento"}],"version-history":[{"count":3,"href":"https:\/\/www.aspb.cat\/es\/wp-json\/wp\/v2\/documento\/33577\/revisions"}],"predecessor-version":[{"id":49513,"href":"https:\/\/www.aspb.cat\/es\/wp-json\/wp\/v2\/documento\/33577\/revisions\/49513"}],"wp:featuredmedia":[{"embeddable":true,"href":"https:\/\/www.aspb.cat\/es\/wp-json\/wp\/v2\/media\/30813"}],"wp:attachment":[{"href":"https:\/\/www.aspb.cat\/es\/wp-json\/wp\/v2\/media?parent=33577"}],"wp:term":[{"taxonomy":"tema","embeddable":true,"href":"https:\/\/www.aspb.cat\/es\/wp-json\/wp\/v2\/tema?post=33577"},{"taxonomy":"tipusdocument","embeddable":true,"href":"https:\/\/www.aspb.cat\/es\/wp-json\/wp\/v2\/tipusdocument?post=33577"}],"curies":[{"name":"wp","href":"https:\/\/api.w.org\/{rel}","templated":true}]}}