{"id":33465,"date":"2020-09-07T10:44:53","date_gmt":"2020-09-07T10:44:53","guid":{"rendered":"https:\/\/www.aspb.cat\/documents\/prevencio-riscos-laborals-covid19\/"},"modified":"2021-12-22T16:38:19","modified_gmt":"2021-12-22T16:38:19","slug":"prevencion-riesgos-laborales-covid19","status":"publish","type":"documento","link":"https:\/\/www.aspb.cat\/es\/documentos\/prevencion-riesgos-laborales-covid19\/","title":{"rendered":"Informaci\u00f3n COVID-19 para los Servicios de Prevenci\u00f3n de Riesgos Laborales"},"content":{"rendered":"<p><strong>\u00bfCu\u00e1l es el papel de los Servicios de Prevenci\u00f3n de Riesgos Laborales frente a la exposici\u00f3n laboral al nuevo coronavirus SARS-CoV-2<\/strong>?<\/p>\n<p>Los Servicios de Prevenci\u00f3n de Riesgos Laborales deben asesorar y apoyar a las empresas en su obligaci\u00f3n de garantizar la seguridad y salud de las personas trabajadoras, recomendando medidas de prevenci\u00f3n adaptadas y actualizadas, con el objetivo de limitar los contagios y siguiendo las pautas y recomendaciones formuladas por las autoridades sanitarias. As\u00ed pues deben:<\/p>\n<ol>\n<li>Evaluar el riesgo de exposici\u00f3n al que se encuentren las personas trabajadoras seg\u00fan el tipo de tarea que desarrollen.<\/li>\n<li>Recomendar a la empresa las medidas de prevenci\u00f3n que debe establecer, de tipo organizativo, de protecci\u00f3n colectiva e individual, de higiene personal y de higiene y ventilaci\u00f3n de los puestos de trabajo.<\/li>\n<li>Desarrollar los programas de informaci\u00f3n y formaci\u00f3n de las personas trabajadoras para poder implantar las medidas organizativas, de higiene y t\u00e9cnicas necesarias.<\/li>\n<li>Evaluar a las personas trabajadoras especialmente sensibles en relaci\u00f3n con la infecci\u00f3n por el coronavirus.<\/li>\n<li>Colaborar con las autoridades de salud p\u00fablica en la detecci\u00f3n precoz y notificaci\u00f3n de todos los casos compatibles con COVID-19 y sus estrechos contactos laborales, para controlar la transmisi\u00f3n. Realizar el estudio de contactos laborales estrechos de los casos ocurridos en las empresas.<\/li>\n<li>Investigar y analizar las causas de los brotes: seguimiento y cumplimiento de medidas organizativas adecuadas, distancias de seguridad, uso de equipos de protecci\u00f3n individual, etc.<\/li>\n<li>Colaborar en la gesti\u00f3n de la incapacidad temporal cuando proceda un aislamiento preventivo o un per\u00edodo de cuarentena.<\/li>\n<\/ol>\n<p>Para m\u00e1s informaci\u00f3n:<\/p>\n<ul>\n<li><em><a href=\"https:\/\/www.mscbs.gob.es\/profesionales\/saludPublica\/ccayes\/alertasActual\/nCov\/documentos\/Proteccion_Trabajadores_SARS-CoV-2.pdf\" target=\"_blank\" rel=\"noopener noreferrer\">Procedimiento de actuaci\u00f3n para los Servicios de prevenci\u00f3n de riesgos laborales frente a la exposici\u00f3n al SARS-CoV-2<\/a><\/em>&nbsp;[PDF]<\/li>\n<li><a href=\"https:\/\/canalsalut.gencat.cat\/web\/.content\/_A-Z\/C\/coronavirus-2019-ncov\/material-divulgatiu\/guia-serveis-prevencio-riscos.pdf\" target=\"_blank\" rel=\"noopener noreferrer\">Guia d\u2019actuaci\u00f3 i col\u00b7laboraci\u00f3 dels serveis de prevenci\u00f3 de riscos laborals per fer front a la pand\u00e8mia de COVID-19<\/a> [PDF]<\/li>\n<\/ul>\n\n\n<div style=\"height:38px\" aria-hidden=\"true\" class=\"wp-block-spacer\"><\/div>\n\n\n\n<h4 class=\"wp-block-heading\" id=\"h-detecci-n-y-seguimiento-de-casos-covid-19\"><strong>Detecci\u00f3n y seguimiento de casos COVID-19<\/strong><\/h4>\n\n\n<div class=\"moure_faqs_aqui\"><\/div>\n\n\n<h4 class=\"wp-block-heading\" id=\"h-estudio-y-seguimiento-de-contactos-del-entorno-laboral\"><strong>Estudio y seguimiento de contactos del entorno laboral<\/strong><\/h4>\n\n\n<div class=\"moure_faqs_aqui\"><\/div>\n\n\n<h4 class=\"wp-block-heading\" id=\"h-notificaci-n-de-casos-y-contactos\">Notificaci\u00f3n de casos y contactos<\/h4>\n\n\n<div class=\"moure_faqs_aqui\"><\/div>\n\n\n<h4 class=\"wp-block-heading\" id=\"h-consideraciones-especiales-para-el-personal-de-los-entornos-de-asistencia-m-dico-sanitaria-sociosanitaria-residencial-y-penitenciaria\"><strong>Consideraciones especiales para el personal de los entornos de asistencia m\u00e9dico-sanitaria, sociosanitaria, residencial y penitenciaria<\/strong><\/h4>\n\n\n<div class=\"moure_faqs_aqui\"><\/div>\n\n\n<h4 class=\"wp-block-heading\" id=\"h-evaluaci-n-del-riesgo-de-exposici-n\"><strong><strong><strong>Evaluaci\u00f3n del riesgo de exposici\u00f3n<\/strong><\/strong><\/strong><\/h4>\n\n\n<div class=\"moure_faqs_aqui\"><\/div>\n\n\n<h4 class=\"wp-block-heading\" id=\"h-pla-de-conting-ncia-o-protocol-general-de-seguretat-i-salut\"><strong>Pla de conting\u00e8ncia o protocol general de seguretat i salut<\/strong><\/h4>\n\n\n<div class=\"moure_faqs_aqui\"><\/div>\n\n\n<h4 class=\"wp-block-heading\" id=\"h-informaci-n-y-formaci-n-a-personas-trabajadoras\"><strong><strong>Informaci\u00f3n y formaci\u00f3n a personas trabajadoras<\/strong><\/strong><\/h4>\n\n\n<div class=\"moure_faqs_aqui\"><\/div>\n\n\n<h4 class=\"wp-block-heading\" id=\"h-personas-trabajadoras-especialmente-sensibles-a-la-covid-19\"><strong><strong><strong>Personas trabajadoras especialmente sensibles a la COVID-19<\/strong><\/strong><\/strong><\/h4>\n\n\n<div class=\"moure_faqs_aqui\"><\/div>\n\n\n<h4 class=\"wp-block-heading\" id=\"h-incapacidades-temporales-emisi-n-de-certificados-y-seguimientos\"><strong><strong><strong><strong>Incapacidades temporales. Emisi\u00f3n de certificados y seguimientos<\/strong><\/strong><\/strong><\/strong><\/h4>\n\n\n<div class=\"moure_faqs_aqui\"><\/div>\n\n\n<h4 class=\"wp-block-heading\" id=\"h-realizaci-n-de-pruebas-diagn-sticas-criterios-autorizaci-n-y-comunicaci-n\"><strong><strong><strong><strong>Realizaci\u00f3n de pruebas diagn\u00f3sticas. Criterios, autorizaci\u00f3n y comunicaci\u00f3n<\/strong><\/strong><\/strong><\/strong><\/h4>\n\n\n<div class=\"moure_faqs_aqui\"><\/div>\n\n\n<h4 class=\"wp-block-heading\" id=\"h-recomendaciones-actualizadas-sobre-las-medidas-de-prevenci-n-organizativas-t-cnicas-personales\"><strong>Recomendaciones actualizadas sobre las medidas de prevenci\u00f3n (organizativas, t\u00e9cnicas, personales)<\/strong><\/h4>\n\n\n<div class=\"moure_faqs_aqui\"><\/div>\n\n\n<h4 class=\"wp-block-heading\" id=\"h-protecci-n-de-datos-en-relaci-n-con-la-covid-19\"><strong>Protecci\u00f3n de datos en relaci\u00f3n con la COVID-19<\/strong><\/h4>\n\n\n<div class=\"moure_faqs_aqui\"><\/div>","protected":false},"featured_media":31914,"template":"","tema":[195,196,288,323],"tipusdocument":[336],"class_list":["post-33465","documento","type-documento","status-publish","has-post-thumbnail","hentry","tema-recursos-en-salut-laboral-es","tema-salud-y-trabajo","tema-covid19-es","tema-covid-salud-trabajo-es","tipusdocument-multimedia","publish","author-ext_acaillab","impar","primero"],"acf":[],"yoast_head":"<!-- This site is optimized with the Yoast SEO Premium plugin v27.5 (Yoast SEO v27.5) - https:\/\/yoast.com\/product\/yoast-seo-premium-wordpress\/ -->\n<title>Informaci\u00f3n COVID-19 para los Servicios de Prevenci\u00f3n de Riesgos Laborales - ASPB<\/title>\n<meta name=\"robots\" content=\"index, follow, max-snippet:-1, max-image-preview:large, max-video-preview:-1\" \/>\n<link rel=\"canonical\" href=\"https:\/\/www.aspb.cat\/es\/documents\/prevencion-riesgos-laborales-covid19\/\" \/>\n<meta property=\"og:locale\" content=\"es_ES\" \/>\n<meta property=\"og:type\" content=\"article\" \/>\n<meta property=\"og:title\" content=\"Informaci\u00f3n COVID-19 para los Servicios de Prevenci\u00f3n de Riesgos Laborales\" \/>\n<meta property=\"og:description\" content=\"\u00bfCu\u00e1l es el papel de los Servicios de Prevenci\u00f3n de Riesgos Laborales frente a la [&hellip;]\" \/>\n<meta property=\"og:url\" content=\"https:\/\/www.aspb.cat\/es\/documents\/prevencion-riesgos-laborales-covid19\/\" \/>\n<meta property=\"og:site_name\" content=\"ASPB\" \/>\n<meta property=\"article:publisher\" content=\"https:\/\/www.facebook.com\/salutpublicabcn\" \/>\n<meta property=\"article:modified_time\" content=\"2021-12-22T16:38:19+00:00\" \/>\n<meta property=\"og:image\" content=\"https:\/\/www.aspb.cat\/wp-content\/uploads\/2020\/09\/prevencio-riscos-laborals-covid19_NOT-05.jpg\" \/>\n\t<meta property=\"og:image:width\" content=\"1460\" \/>\n\t<meta property=\"og:image:height\" content=\"918\" \/>\n\t<meta property=\"og:image:type\" content=\"image\/jpeg\" \/>\n<meta name=\"twitter:card\" content=\"summary_large_image\" \/>\n<meta name=\"twitter:site\" content=\"@salutpublicabcn\" \/>\n<meta name=\"twitter:label1\" content=\"Tiempo de lectura\" \/>\n\t<meta name=\"twitter:data1\" content=\"2 minutos\" \/>\n<script type=\"application\/ld+json\" class=\"yoast-schema-graph\">{\"@context\":\"https:\\\/\\\/schema.org\",\"@graph\":[{\"@type\":\"WebPage\",\"@id\":\"https:\\\/\\\/www.aspb.cat\\\/es\\\/documents\\\/prevencion-riesgos-laborales-covid19\\\/\",\"url\":\"https:\\\/\\\/www.aspb.cat\\\/es\\\/documents\\\/prevencion-riesgos-laborales-covid19\\\/\",\"name\":\"Informaci\u00f3n COVID-19 para los Servicios de Prevenci\u00f3n de Riesgos Laborales - ASPB\",\"isPartOf\":{\"@id\":\"https:\\\/\\\/www.aspb.cat\\\/#website\"},\"primaryImageOfPage\":{\"@id\":\"https:\\\/\\\/www.aspb.cat\\\/es\\\/documents\\\/prevencion-riesgos-laborales-covid19\\\/#primaryimage\"},\"image\":{\"@id\":\"https:\\\/\\\/www.aspb.cat\\\/es\\\/documents\\\/prevencion-riesgos-laborales-covid19\\\/#primaryimage\"},\"thumbnailUrl\":\"https:\\\/\\\/www.aspb.cat\\\/wp-content\\\/uploads\\\/2020\\\/09\\\/prevencio-riscos-laborals-covid19_NOT-05.jpg\",\"datePublished\":\"2020-09-07T10:44:53+00:00\",\"dateModified\":\"2021-12-22T16:38:19+00:00\",\"breadcrumb\":{\"@id\":\"https:\\\/\\\/www.aspb.cat\\\/es\\\/documents\\\/prevencion-riesgos-laborales-covid19\\\/#breadcrumb\"},\"inLanguage\":\"es\",\"potentialAction\":[{\"@type\":\"ReadAction\",\"target\":[\"https:\\\/\\\/www.aspb.cat\\\/es\\\/documents\\\/prevencion-riesgos-laborales-covid19\\\/\"]}]},{\"@type\":\"ImageObject\",\"inLanguage\":\"es\",\"@id\":\"https:\\\/\\\/www.aspb.cat\\\/es\\\/documents\\\/prevencion-riesgos-laborales-covid19\\\/#primaryimage\",\"url\":\"https:\\\/\\\/www.aspb.cat\\\/wp-content\\\/uploads\\\/2020\\\/09\\\/prevencio-riscos-laborals-covid19_NOT-05.jpg\",\"contentUrl\":\"https:\\\/\\\/www.aspb.cat\\\/wp-content\\\/uploads\\\/2020\\\/09\\\/prevencio-riscos-laborals-covid19_NOT-05.jpg\",\"width\":1460,\"height\":918},{\"@type\":\"BreadcrumbList\",\"@id\":\"https:\\\/\\\/www.aspb.cat\\\/es\\\/documents\\\/prevencion-riesgos-laborales-covid19\\\/#breadcrumb\",\"itemListElement\":[{\"@type\":\"ListItem\",\"position\":1,\"name\":\"Inici\",\"item\":\"https:\\\/\\\/www.aspb.cat\\\/es\\\/\"},{\"@type\":\"ListItem\",\"position\":2,\"name\":\"Documents\",\"item\":\"https:\\\/\\\/www.aspb.cat\\\/documents\\\/\"},{\"@type\":\"ListItem\",\"position\":3,\"name\":\"Informaci\u00f3n COVID-19 para los Servicios de Prevenci\u00f3n de Riesgos Laborales\"}]},{\"@type\":\"WebSite\",\"@id\":\"https:\\\/\\\/www.aspb.cat\\\/#website\",\"url\":\"https:\\\/\\\/www.aspb.cat\\\/\",\"name\":\"ASPB\",\"description\":\"Just another WordPress site\",\"potentialAction\":[{\"@type\":\"SearchAction\",\"target\":{\"@type\":\"EntryPoint\",\"urlTemplate\":\"https:\\\/\\\/www.aspb.cat\\\/?s={search_term_string}\"},\"query-input\":{\"@type\":\"PropertyValueSpecification\",\"valueRequired\":true,\"valueName\":\"search_term_string\"}}],\"inLanguage\":\"es\"}]}<\/script>\n<!-- \/ Yoast SEO Premium plugin. -->","yoast_head_json":{"title":"Informaci\u00f3n COVID-19 para los Servicios de Prevenci\u00f3n de Riesgos Laborales - ASPB","robots":{"index":"index","follow":"follow","max-snippet":"max-snippet:-1","max-image-preview":"max-image-preview:large","max-video-preview":"max-video-preview:-1"},"canonical":"https:\/\/www.aspb.cat\/es\/documents\/prevencion-riesgos-laborales-covid19\/","og_locale":"es_ES","og_type":"article","og_title":"Informaci\u00f3n COVID-19 para los Servicios de Prevenci\u00f3n de Riesgos Laborales","og_description":"\u00bfCu\u00e1l es el papel de los Servicios de Prevenci\u00f3n de Riesgos Laborales frente a la [&hellip;]","og_url":"https:\/\/www.aspb.cat\/es\/documents\/prevencion-riesgos-laborales-covid19\/","og_site_name":"ASPB","article_publisher":"https:\/\/www.facebook.com\/salutpublicabcn","article_modified_time":"2021-12-22T16:38:19+00:00","og_image":[{"width":1460,"height":918,"url":"https:\/\/www.aspb.cat\/wp-content\/uploads\/2020\/09\/prevencio-riscos-laborals-covid19_NOT-05.jpg","type":"image\/jpeg"}],"twitter_card":"summary_large_image","twitter_site":"@salutpublicabcn","twitter_misc":{"Tiempo de lectura":"2 minutos"},"schema":{"@context":"https:\/\/schema.org","@graph":[{"@type":"WebPage","@id":"https:\/\/www.aspb.cat\/es\/documents\/prevencion-riesgos-laborales-covid19\/","url":"https:\/\/www.aspb.cat\/es\/documents\/prevencion-riesgos-laborales-covid19\/","name":"Informaci\u00f3n COVID-19 para los Servicios de Prevenci\u00f3n de Riesgos Laborales - ASPB","isPartOf":{"@id":"https:\/\/www.aspb.cat\/#website"},"primaryImageOfPage":{"@id":"https:\/\/www.aspb.cat\/es\/documents\/prevencion-riesgos-laborales-covid19\/#primaryimage"},"image":{"@id":"https:\/\/www.aspb.cat\/es\/documents\/prevencion-riesgos-laborales-covid19\/#primaryimage"},"thumbnailUrl":"https:\/\/www.aspb.cat\/wp-content\/uploads\/2020\/09\/prevencio-riscos-laborals-covid19_NOT-05.jpg","datePublished":"2020-09-07T10:44:53+00:00","dateModified":"2021-12-22T16:38:19+00:00","breadcrumb":{"@id":"https:\/\/www.aspb.cat\/es\/documents\/prevencion-riesgos-laborales-covid19\/#breadcrumb"},"inLanguage":"es","potentialAction":[{"@type":"ReadAction","target":["https:\/\/www.aspb.cat\/es\/documents\/prevencion-riesgos-laborales-covid19\/"]}]},{"@type":"ImageObject","inLanguage":"es","@id":"https:\/\/www.aspb.cat\/es\/documents\/prevencion-riesgos-laborales-covid19\/#primaryimage","url":"https:\/\/www.aspb.cat\/wp-content\/uploads\/2020\/09\/prevencio-riscos-laborals-covid19_NOT-05.jpg","contentUrl":"https:\/\/www.aspb.cat\/wp-content\/uploads\/2020\/09\/prevencio-riscos-laborals-covid19_NOT-05.jpg","width":1460,"height":918},{"@type":"BreadcrumbList","@id":"https:\/\/www.aspb.cat\/es\/documents\/prevencion-riesgos-laborales-covid19\/#breadcrumb","itemListElement":[{"@type":"ListItem","position":1,"name":"Inici","item":"https:\/\/www.aspb.cat\/es\/"},{"@type":"ListItem","position":2,"name":"Documents","item":"https:\/\/www.aspb.cat\/documents\/"},{"@type":"ListItem","position":3,"name":"Informaci\u00f3n COVID-19 para los Servicios de Prevenci\u00f3n de Riesgos Laborales"}]},{"@type":"WebSite","@id":"https:\/\/www.aspb.cat\/#website","url":"https:\/\/www.aspb.cat\/","name":"ASPB","description":"Just another WordPress site","potentialAction":[{"@type":"SearchAction","target":{"@type":"EntryPoint","urlTemplate":"https:\/\/www.aspb.cat\/?s={search_term_string}"},"query-input":{"@type":"PropertyValueSpecification","valueRequired":true,"valueName":"search_term_string"}}],"inLanguage":"es"}]}},"_links":{"self":[{"href":"https:\/\/www.aspb.cat\/es\/wp-json\/wp\/v2\/documento\/33465","targetHints":{"allow":["GET"]}}],"collection":[{"href":"https:\/\/www.aspb.cat\/es\/wp-json\/wp\/v2\/documento"}],"about":[{"href":"https:\/\/www.aspb.cat\/es\/wp-json\/wp\/v2\/types\/documento"}],"version-history":[{"count":6,"href":"https:\/\/www.aspb.cat\/es\/wp-json\/wp\/v2\/documento\/33465\/revisions"}],"predecessor-version":[{"id":39185,"href":"https:\/\/www.aspb.cat\/es\/wp-json\/wp\/v2\/documento\/33465\/revisions\/39185"}],"wp:featuredmedia":[{"embeddable":true,"href":"https:\/\/www.aspb.cat\/es\/wp-json\/wp\/v2\/media\/31914"}],"wp:attachment":[{"href":"https:\/\/www.aspb.cat\/es\/wp-json\/wp\/v2\/media?parent=33465"}],"wp:term":[{"taxonomy":"tema","embeddable":true,"href":"https:\/\/www.aspb.cat\/es\/wp-json\/wp\/v2\/tema?post=33465"},{"taxonomy":"tipusdocument","embeddable":true,"href":"https:\/\/www.aspb.cat\/es\/wp-json\/wp\/v2\/tipusdocument?post=33465"}],"curies":[{"name":"wp","href":"https:\/\/api.w.org\/{rel}","templated":true}]}}