{"id":33430,"date":"2018-02-22T14:03:09","date_gmt":"2018-02-22T14:03:09","guid":{"rendered":"https:\/\/www.aspb.cat\/documents\/el-trastorn-acumulacio-una-perspectiva-de-salut-publica\/"},"modified":"2021-12-03T16:20:50","modified_gmt":"2021-12-03T16:20:50","slug":"tastorno-acumulacion-perspectiva-salud-publica","status":"publish","type":"documento","link":"https:\/\/www.aspb.cat\/es\/documentos\/tastorno-acumulacion-perspectiva-salud-publica\/","title":{"rendered":"El trastorno de acumulaci\u00f3n. Una perspectiva de salud p\u00fablica"},"content":{"rendered":"<p>El trastorno de acumulaci\u00f3n se caracteriza por la excesiva acumulaci\u00f3n de objetos, \u00fatiles, basura o la incapacidad para eliminar el considerado in\u00fatil o aparentemente sin valor, interfiere en el desarrollo normal (personal, profesional, econ\u00f3mico, familiar y social) de la persona afectada, caus\u00e1ndole un significativo estr\u00e9s. El grado del desorden y la magnitud de la ocupaci\u00f3n de los espacios habitables es el factor que m\u00e1s claramente pone de manifiesto el grado de deterioro de estas personas.<\/p>\n<p>Hasta el a\u00f1o 2012 el trastorno de acumulaci\u00f3n se inclu\u00eda en el DSM-4 como un s\u00edntoma m\u00e1s del trastorno obsesivo compulsivo; en la actualidad ha pasado a constituirse como una entidad independiente llamada trastorno de acumulaci\u00f3n en el DSM-5. Sin embargo, el ICD-10 no incluye este trastorno. La aparici\u00f3n y gravedad del trastorno de acumulaci\u00f3n se ha ligado a la experiencia de eventos traum\u00e1ticos tanto en la infancia como en la vida adulta.<\/p>\n<p>Su principal caracter\u00edstica es la imposibilidad de deshacerse de posesiones. Los objetos que m\u00e1s frecuentemente se acumulan son diarios, ropa vieja, bolsas, libros y papeles de trabajo. Para el diagn\u00f3stico no es una condici\u00f3n que los elementos que se acumulen sean de poco valor, tambi\u00e9n puede ocurrir con objetos de mucho valor. Las personas con este trastorno atribuyen su incapacidad de desprenderse de las cosas a su utilidad, valor est\u00e9tico o valor sentimental. El resultado es una acumulaci\u00f3n desorganizada de posesiones que compromete el espacio del lugar donde se vive, impidiendo su permanencia en ese sitio. Esta situaci\u00f3n genera angustia y compromete el \u00e1rea social, laboral u otras importantes esferas de las relaciones del paciente, incluyendo la seguridad y la salud propia y de las personas que viven alrededor.<\/p>\n<p>En este documento se describe este trastorno y su impacto en la salud p\u00fablica, se presentan los criterios diagn\u00f3sticos, tanto del trastorno como de la gravedad de la acumulaci\u00f3n, y su abordaje multisectorial.<\/p>\n","protected":false},"featured_media":33432,"template":"","tema":[202,369],"tipusdocument":[152],"class_list":["post-33430","documento","type-documento","status-publish","has-post-thumbnail","hentry","tema-vivir-salud","tema-bienestar-emocional","tipusdocument-material-soporte-referencia","publish","author-ext_acaillab","impar","primero"],"acf":[],"yoast_head":"<!-- This site is optimized with the Yoast SEO Premium plugin v27.5 (Yoast SEO v27.5) - https:\/\/yoast.com\/product\/yoast-seo-premium-wordpress\/ -->\n<title>El trastorn d\u2019acumulaci\u00f3. Una perspectiva de salut p\u00fablica<\/title>\n<meta name=\"description\" content=\"La conducta acumuladora es considera un trastorn quan l&#039;excessiva acumulaci\u00f3 d&#039;objectes, estris, escombraries o la incapacitat per eliminar el considerat in\u00fatil o aparentment sense valor, interfereix en el desenvolupament normal (personal, professional, econ\u00f2mic, familiar i social) de la persona afectada, causant-li...\" \/>\n<meta name=\"robots\" content=\"index, follow, max-snippet:-1, max-image-preview:large, max-video-preview:-1\" \/>\n<link rel=\"canonical\" href=\"https:\/\/www.aspb.cat\/es\/documents\/tastorno-acumulacion-perspectiva-salud-publica\/\" \/>\n<meta property=\"og:locale\" content=\"es_ES\" \/>\n<meta property=\"og:type\" content=\"article\" \/>\n<meta property=\"og:title\" content=\"El trastorno de acumulaci\u00f3n. Una perspectiva de salud p\u00fablica\" \/>\n<meta property=\"og:description\" content=\"La conducta acumuladora es considera un trastorn quan l&#039;excessiva acumulaci\u00f3 d&#039;objectes, estris, escombraries o la incapacitat per eliminar el considerat in\u00fatil o aparentment sense valor, interfereix en el desenvolupament normal (personal, professional, econ\u00f2mic, familiar i social) de la persona afectada, causant-li...\" \/>\n<meta property=\"og:url\" content=\"https:\/\/www.aspb.cat\/es\/documents\/tastorno-acumulacion-perspectiva-salud-publica\/\" \/>\n<meta property=\"og:site_name\" content=\"ASPB\" \/>\n<meta property=\"article:publisher\" content=\"https:\/\/www.facebook.com\/salutpublicabcn\" \/>\n<meta property=\"article:modified_time\" content=\"2021-12-03T16:20:50+00:00\" \/>\n<meta property=\"og:image\" content=\"https:\/\/www.aspb.cat\/wp-content\/uploads\/2018\/03\/ASPB-Viure-amb-salut_Trastorn-acumulacio_vs02.jpg\" \/>\n\t<meta property=\"og:image:width\" content=\"595\" \/>\n\t<meta property=\"og:image:height\" content=\"842\" \/>\n\t<meta property=\"og:image:type\" content=\"image\/jpeg\" \/>\n<meta name=\"twitter:card\" content=\"summary_large_image\" \/>\n<meta name=\"twitter:site\" content=\"@salutpublicabcn\" \/>\n<meta name=\"twitter:label1\" content=\"Tiempo de lectura\" \/>\n\t<meta name=\"twitter:data1\" content=\"2 minutos\" \/>\n<script type=\"application\/ld+json\" class=\"yoast-schema-graph\">{\"@context\":\"https:\\\/\\\/schema.org\",\"@graph\":[{\"@type\":\"WebPage\",\"@id\":\"https:\\\/\\\/www.aspb.cat\\\/es\\\/documents\\\/tastorno-acumulacion-perspectiva-salud-publica\\\/\",\"url\":\"https:\\\/\\\/www.aspb.cat\\\/es\\\/documents\\\/tastorno-acumulacion-perspectiva-salud-publica\\\/\",\"name\":\"El trastorn d\u2019acumulaci\u00f3. Una perspectiva de salut p\u00fablica\",\"isPartOf\":{\"@id\":\"https:\\\/\\\/www.aspb.cat\\\/#website\"},\"primaryImageOfPage\":{\"@id\":\"https:\\\/\\\/www.aspb.cat\\\/es\\\/documents\\\/tastorno-acumulacion-perspectiva-salud-publica\\\/#primaryimage\"},\"image\":{\"@id\":\"https:\\\/\\\/www.aspb.cat\\\/es\\\/documents\\\/tastorno-acumulacion-perspectiva-salud-publica\\\/#primaryimage\"},\"thumbnailUrl\":\"https:\\\/\\\/www.aspb.cat\\\/wp-content\\\/uploads\\\/2018\\\/03\\\/ASPB-Viure-amb-salut_Trastorn-acumulacio_vs02.jpg\",\"datePublished\":\"2018-02-22T14:03:09+00:00\",\"dateModified\":\"2021-12-03T16:20:50+00:00\",\"description\":\"La conducta acumuladora es considera un trastorn quan l'excessiva acumulaci\u00f3 d'objectes, estris, escombraries o la incapacitat per eliminar el considerat in\u00fatil o aparentment sense valor, interfereix en el desenvolupament normal (personal, professional, econ\u00f2mic, familiar i social) de la persona afectada, causant-li...\",\"breadcrumb\":{\"@id\":\"https:\\\/\\\/www.aspb.cat\\\/es\\\/documents\\\/tastorno-acumulacion-perspectiva-salud-publica\\\/#breadcrumb\"},\"inLanguage\":\"es\",\"potentialAction\":[{\"@type\":\"ReadAction\",\"target\":[\"https:\\\/\\\/www.aspb.cat\\\/es\\\/documents\\\/tastorno-acumulacion-perspectiva-salud-publica\\\/\"]}]},{\"@type\":\"ImageObject\",\"inLanguage\":\"es\",\"@id\":\"https:\\\/\\\/www.aspb.cat\\\/es\\\/documents\\\/tastorno-acumulacion-perspectiva-salud-publica\\\/#primaryimage\",\"url\":\"https:\\\/\\\/www.aspb.cat\\\/wp-content\\\/uploads\\\/2018\\\/03\\\/ASPB-Viure-amb-salut_Trastorn-acumulacio_vs02.jpg\",\"contentUrl\":\"https:\\\/\\\/www.aspb.cat\\\/wp-content\\\/uploads\\\/2018\\\/03\\\/ASPB-Viure-amb-salut_Trastorn-acumulacio_vs02.jpg\",\"width\":595,\"height\":842},{\"@type\":\"BreadcrumbList\",\"@id\":\"https:\\\/\\\/www.aspb.cat\\\/es\\\/documents\\\/tastorno-acumulacion-perspectiva-salud-publica\\\/#breadcrumb\",\"itemListElement\":[{\"@type\":\"ListItem\",\"position\":1,\"name\":\"Inici\",\"item\":\"https:\\\/\\\/www.aspb.cat\\\/es\\\/\"},{\"@type\":\"ListItem\",\"position\":2,\"name\":\"Documents\",\"item\":\"https:\\\/\\\/www.aspb.cat\\\/documents\\\/\"},{\"@type\":\"ListItem\",\"position\":3,\"name\":\"El trastorno de acumulaci\u00f3n. Una perspectiva de salud p\u00fablica\"}]},{\"@type\":\"WebSite\",\"@id\":\"https:\\\/\\\/www.aspb.cat\\\/#website\",\"url\":\"https:\\\/\\\/www.aspb.cat\\\/\",\"name\":\"ASPB\",\"description\":\"Just another WordPress site\",\"potentialAction\":[{\"@type\":\"SearchAction\",\"target\":{\"@type\":\"EntryPoint\",\"urlTemplate\":\"https:\\\/\\\/www.aspb.cat\\\/?s={search_term_string}\"},\"query-input\":{\"@type\":\"PropertyValueSpecification\",\"valueRequired\":true,\"valueName\":\"search_term_string\"}}],\"inLanguage\":\"es\"}]}<\/script>\n<!-- \/ Yoast SEO Premium plugin. -->","yoast_head_json":{"title":"El trastorn d\u2019acumulaci\u00f3. Una perspectiva de salut p\u00fablica","description":"La conducta acumuladora es considera un trastorn quan l'excessiva acumulaci\u00f3 d'objectes, estris, escombraries o la incapacitat per eliminar el considerat in\u00fatil o aparentment sense valor, interfereix en el desenvolupament normal (personal, professional, econ\u00f2mic, familiar i social) de la persona afectada, causant-li...","robots":{"index":"index","follow":"follow","max-snippet":"max-snippet:-1","max-image-preview":"max-image-preview:large","max-video-preview":"max-video-preview:-1"},"canonical":"https:\/\/www.aspb.cat\/es\/documents\/tastorno-acumulacion-perspectiva-salud-publica\/","og_locale":"es_ES","og_type":"article","og_title":"El trastorno de acumulaci\u00f3n. Una perspectiva de salud p\u00fablica","og_description":"La conducta acumuladora es considera un trastorn quan l'excessiva acumulaci\u00f3 d'objectes, estris, escombraries o la incapacitat per eliminar el considerat in\u00fatil o aparentment sense valor, interfereix en el desenvolupament normal (personal, professional, econ\u00f2mic, familiar i social) de la persona afectada, causant-li...","og_url":"https:\/\/www.aspb.cat\/es\/documents\/tastorno-acumulacion-perspectiva-salud-publica\/","og_site_name":"ASPB","article_publisher":"https:\/\/www.facebook.com\/salutpublicabcn","article_modified_time":"2021-12-03T16:20:50+00:00","og_image":[{"width":595,"height":842,"url":"https:\/\/www.aspb.cat\/wp-content\/uploads\/2018\/03\/ASPB-Viure-amb-salut_Trastorn-acumulacio_vs02.jpg","type":"image\/jpeg"}],"twitter_card":"summary_large_image","twitter_site":"@salutpublicabcn","twitter_misc":{"Tiempo de lectura":"2 minutos"},"schema":{"@context":"https:\/\/schema.org","@graph":[{"@type":"WebPage","@id":"https:\/\/www.aspb.cat\/es\/documents\/tastorno-acumulacion-perspectiva-salud-publica\/","url":"https:\/\/www.aspb.cat\/es\/documents\/tastorno-acumulacion-perspectiva-salud-publica\/","name":"El trastorn d\u2019acumulaci\u00f3. Una perspectiva de salut p\u00fablica","isPartOf":{"@id":"https:\/\/www.aspb.cat\/#website"},"primaryImageOfPage":{"@id":"https:\/\/www.aspb.cat\/es\/documents\/tastorno-acumulacion-perspectiva-salud-publica\/#primaryimage"},"image":{"@id":"https:\/\/www.aspb.cat\/es\/documents\/tastorno-acumulacion-perspectiva-salud-publica\/#primaryimage"},"thumbnailUrl":"https:\/\/www.aspb.cat\/wp-content\/uploads\/2018\/03\/ASPB-Viure-amb-salut_Trastorn-acumulacio_vs02.jpg","datePublished":"2018-02-22T14:03:09+00:00","dateModified":"2021-12-03T16:20:50+00:00","description":"La conducta acumuladora es considera un trastorn quan l'excessiva acumulaci\u00f3 d'objectes, estris, escombraries o la incapacitat per eliminar el considerat in\u00fatil o aparentment sense valor, interfereix en el desenvolupament normal (personal, professional, econ\u00f2mic, familiar i social) de la persona afectada, causant-li...","breadcrumb":{"@id":"https:\/\/www.aspb.cat\/es\/documents\/tastorno-acumulacion-perspectiva-salud-publica\/#breadcrumb"},"inLanguage":"es","potentialAction":[{"@type":"ReadAction","target":["https:\/\/www.aspb.cat\/es\/documents\/tastorno-acumulacion-perspectiva-salud-publica\/"]}]},{"@type":"ImageObject","inLanguage":"es","@id":"https:\/\/www.aspb.cat\/es\/documents\/tastorno-acumulacion-perspectiva-salud-publica\/#primaryimage","url":"https:\/\/www.aspb.cat\/wp-content\/uploads\/2018\/03\/ASPB-Viure-amb-salut_Trastorn-acumulacio_vs02.jpg","contentUrl":"https:\/\/www.aspb.cat\/wp-content\/uploads\/2018\/03\/ASPB-Viure-amb-salut_Trastorn-acumulacio_vs02.jpg","width":595,"height":842},{"@type":"BreadcrumbList","@id":"https:\/\/www.aspb.cat\/es\/documents\/tastorno-acumulacion-perspectiva-salud-publica\/#breadcrumb","itemListElement":[{"@type":"ListItem","position":1,"name":"Inici","item":"https:\/\/www.aspb.cat\/es\/"},{"@type":"ListItem","position":2,"name":"Documents","item":"https:\/\/www.aspb.cat\/documents\/"},{"@type":"ListItem","position":3,"name":"El trastorno de acumulaci\u00f3n. Una perspectiva de salud p\u00fablica"}]},{"@type":"WebSite","@id":"https:\/\/www.aspb.cat\/#website","url":"https:\/\/www.aspb.cat\/","name":"ASPB","description":"Just another WordPress site","potentialAction":[{"@type":"SearchAction","target":{"@type":"EntryPoint","urlTemplate":"https:\/\/www.aspb.cat\/?s={search_term_string}"},"query-input":{"@type":"PropertyValueSpecification","valueRequired":true,"valueName":"search_term_string"}}],"inLanguage":"es"}]}},"_links":{"self":[{"href":"https:\/\/www.aspb.cat\/es\/wp-json\/wp\/v2\/documento\/33430","targetHints":{"allow":["GET"]}}],"collection":[{"href":"https:\/\/www.aspb.cat\/es\/wp-json\/wp\/v2\/documento"}],"about":[{"href":"https:\/\/www.aspb.cat\/es\/wp-json\/wp\/v2\/types\/documento"}],"version-history":[{"count":2,"href":"https:\/\/www.aspb.cat\/es\/wp-json\/wp\/v2\/documento\/33430\/revisions"}],"predecessor-version":[{"id":38536,"href":"https:\/\/www.aspb.cat\/es\/wp-json\/wp\/v2\/documento\/33430\/revisions\/38536"}],"wp:featuredmedia":[{"embeddable":true,"href":"https:\/\/www.aspb.cat\/es\/wp-json\/wp\/v2\/media\/33432"}],"wp:attachment":[{"href":"https:\/\/www.aspb.cat\/es\/wp-json\/wp\/v2\/media?parent=33430"}],"wp:term":[{"taxonomy":"tema","embeddable":true,"href":"https:\/\/www.aspb.cat\/es\/wp-json\/wp\/v2\/tema?post=33430"},{"taxonomy":"tipusdocument","embeddable":true,"href":"https:\/\/www.aspb.cat\/es\/wp-json\/wp\/v2\/tipusdocument?post=33430"}],"curies":[{"name":"wp","href":"https:\/\/api.w.org\/{rel}","templated":true}]}}