{"id":33428,"date":"2019-11-28T13:05:34","date_gmt":"2019-11-28T13:05:34","guid":{"rendered":"https:\/\/www.aspb.cat\/documents\/marc-conceptual-violencia-masclista\/"},"modified":"2021-12-03T16:14:56","modified_gmt":"2021-12-03T16:14:56","slug":"marco-conceptual-violencia-machista","status":"publish","type":"documento","link":"https:\/\/www.aspb.cat\/es\/documentos\/marco-conceptual-violencia-machista\/","title":{"rendered":"Violencia machista en el \u00e1mbito de la pareja desde una perspectiva de salud p\u00fablica: marco conceptual"},"content":{"rendered":"<p>El objetivo de este informe es proponer un marco conceptual para comprender la violencia machista en el \u00e1mbito de la pareja (VMAP) y su impacto en la salud basado en un contexto estructural que determina normas y jerarqu\u00edas de g\u00e9nero, as\u00ed como la intersecci\u00f3n entre varios ejes de desigualdad. La prevenci\u00f3n de la VMAP exige un trabajo intersectorial en el que disponer de un marco conceptual compartido por todos los sectores implicados es el primer paso para tener una visi\u00f3n clara de los mecanismos mediante los cuales las intervenciones de prevenci\u00f3n primaria pueden tener \u00e9xito.<\/p>\n<p style=\"text-align: center;\"><span class=\"texto_pequeno\"><br \/>\n<a href=\"http:\/\/creativecommons.org\/licenses\/by-nc-nd\/4.0\/\" target=\"_blank\" rel=\"license noopener noreferrer\"><img decoding=\"async\" style=\"border-width: 0;\" src=\"https:\/\/i.creativecommons.org\/l\/by-nc-nd\/4.0\/88x31.png\" alt=\"Llic\u00e8ncia de Creative Commons\" \/><\/a><br \/>\n\u00abViol\u00e8ncia masclista en l\u2019\u00e0mbit de la parella des d\u2019una perspectiva de salut p\u00fablica: marc conceptual\u00bb<br \/>\nde l`<a href=\"https:\/\/www.aspb.cat\/es\/\" rel=\"cc:attributionURL\">Ag\u00e8ncia de Salut P\u00fablica de Barcelona<\/a><br \/>\nest\u00e0 subjecta a una llic\u00e8ncia de <a href=\"http:\/\/creativecommons.org\/licenses\/by-nc-nd\/4.0\/\" target=\"_blank\" rel=\"license noopener noreferrer\">Reconeixement-NoComercial-SenseObraDerivada 4.0 Internacional de Creative Commons<\/a><br \/>\nEls permisos addicionals als d&#8217;aquesta llic\u00e8ncia es poden trobar a<br \/>\n<a href=\"https:\/\/www.aspb.cat\/wp-content\/uploads\/2019\/11\/ASPB-marc-conceptual-violencia-masclista.pdf\" target=\"_blank\" rel=\"noopener noreferrer\">https:\/\/www.aspb.cat\/wp-content\/uploads\/2019\/11\/ASPB-marc-conceptual-violencia-masclista.pdf<\/a><\/span><\/p>\n","protected":false},"featured_media":33429,"template":"","tema":[202,370],"tipusdocument":[152],"class_list":["post-33428","documento","type-documento","status-publish","has-post-thumbnail","hentry","tema-vivir-salud","tema-sexualidad-afectividad","tipusdocument-material-soporte-referencia","publish","author-ext_acaillab","impar","primero"],"acf":[],"yoast_head":"<!-- This site is optimized with the Yoast SEO Premium plugin v27.5 (Yoast SEO v27.5) - https:\/\/yoast.com\/product\/yoast-seo-premium-wordpress\/ -->\n<title>Violencia machista en el \u00e1mbito de la pareja desde una perspectiva de salud p\u00fablica: marco conceptual - ASPB<\/title>\n<meta name=\"robots\" content=\"index, follow, max-snippet:-1, max-image-preview:large, max-video-preview:-1\" \/>\n<link rel=\"canonical\" href=\"https:\/\/www.aspb.cat\/es\/documents\/marco-conceptual-violencia-machista\/\" \/>\n<meta property=\"og:locale\" content=\"es_ES\" \/>\n<meta property=\"og:type\" content=\"article\" \/>\n<meta property=\"og:title\" content=\"Violencia machista en el \u00e1mbito de la pareja desde una perspectiva de salud p\u00fablica: marco conceptual\" \/>\n<meta property=\"og:description\" content=\"El objetivo de este informe es proponer un marco conceptual para comprender la violencia machista [&hellip;]\" \/>\n<meta property=\"og:url\" content=\"https:\/\/www.aspb.cat\/es\/documents\/marco-conceptual-violencia-machista\/\" \/>\n<meta property=\"og:site_name\" content=\"ASPB\" \/>\n<meta property=\"article:publisher\" content=\"https:\/\/www.facebook.com\/salutpublicabcn\" \/>\n<meta property=\"article:modified_time\" content=\"2021-12-03T16:14:56+00:00\" \/>\n<meta property=\"og:image\" content=\"https:\/\/www.aspb.cat\/wp-content\/uploads\/2019\/11\/ASPB-marc-conceptual-violencia-masclista.jpg\" \/>\n\t<meta property=\"og:image:width\" content=\"595\" \/>\n\t<meta property=\"og:image:height\" content=\"842\" \/>\n\t<meta property=\"og:image:type\" content=\"image\/jpeg\" \/>\n<meta name=\"twitter:card\" content=\"summary_large_image\" \/>\n<meta name=\"twitter:site\" content=\"@salutpublicabcn\" \/>\n<meta name=\"twitter:label1\" content=\"Tiempo de lectura\" \/>\n\t<meta name=\"twitter:data1\" content=\"1 minuto\" \/>\n<script type=\"application\/ld+json\" class=\"yoast-schema-graph\">{\"@context\":\"https:\\\/\\\/schema.org\",\"@graph\":[{\"@type\":\"WebPage\",\"@id\":\"https:\\\/\\\/www.aspb.cat\\\/es\\\/documents\\\/marco-conceptual-violencia-machista\\\/\",\"url\":\"https:\\\/\\\/www.aspb.cat\\\/es\\\/documents\\\/marco-conceptual-violencia-machista\\\/\",\"name\":\"Violencia machista en el \u00e1mbito de la pareja desde una perspectiva de salud p\u00fablica: marco conceptual - ASPB\",\"isPartOf\":{\"@id\":\"https:\\\/\\\/www.aspb.cat\\\/#website\"},\"primaryImageOfPage\":{\"@id\":\"https:\\\/\\\/www.aspb.cat\\\/es\\\/documents\\\/marco-conceptual-violencia-machista\\\/#primaryimage\"},\"image\":{\"@id\":\"https:\\\/\\\/www.aspb.cat\\\/es\\\/documents\\\/marco-conceptual-violencia-machista\\\/#primaryimage\"},\"thumbnailUrl\":\"https:\\\/\\\/www.aspb.cat\\\/wp-content\\\/uploads\\\/2019\\\/11\\\/ASPB-marc-conceptual-violencia-masclista.jpg\",\"datePublished\":\"2019-11-28T13:05:34+00:00\",\"dateModified\":\"2021-12-03T16:14:56+00:00\",\"breadcrumb\":{\"@id\":\"https:\\\/\\\/www.aspb.cat\\\/es\\\/documents\\\/marco-conceptual-violencia-machista\\\/#breadcrumb\"},\"inLanguage\":\"es\",\"potentialAction\":[{\"@type\":\"ReadAction\",\"target\":[\"https:\\\/\\\/www.aspb.cat\\\/es\\\/documents\\\/marco-conceptual-violencia-machista\\\/\"]}]},{\"@type\":\"ImageObject\",\"inLanguage\":\"es\",\"@id\":\"https:\\\/\\\/www.aspb.cat\\\/es\\\/documents\\\/marco-conceptual-violencia-machista\\\/#primaryimage\",\"url\":\"https:\\\/\\\/www.aspb.cat\\\/wp-content\\\/uploads\\\/2019\\\/11\\\/ASPB-marc-conceptual-violencia-masclista.jpg\",\"contentUrl\":\"https:\\\/\\\/www.aspb.cat\\\/wp-content\\\/uploads\\\/2019\\\/11\\\/ASPB-marc-conceptual-violencia-masclista.jpg\",\"width\":595,\"height\":842},{\"@type\":\"BreadcrumbList\",\"@id\":\"https:\\\/\\\/www.aspb.cat\\\/es\\\/documents\\\/marco-conceptual-violencia-machista\\\/#breadcrumb\",\"itemListElement\":[{\"@type\":\"ListItem\",\"position\":1,\"name\":\"Inici\",\"item\":\"https:\\\/\\\/www.aspb.cat\\\/es\\\/\"},{\"@type\":\"ListItem\",\"position\":2,\"name\":\"Documents\",\"item\":\"https:\\\/\\\/www.aspb.cat\\\/documents\\\/\"},{\"@type\":\"ListItem\",\"position\":3,\"name\":\"Violencia machista en el \u00e1mbito de la pareja desde una perspectiva de salud p\u00fablica: marco conceptual\"}]},{\"@type\":\"WebSite\",\"@id\":\"https:\\\/\\\/www.aspb.cat\\\/#website\",\"url\":\"https:\\\/\\\/www.aspb.cat\\\/\",\"name\":\"ASPB\",\"description\":\"Just another WordPress site\",\"potentialAction\":[{\"@type\":\"SearchAction\",\"target\":{\"@type\":\"EntryPoint\",\"urlTemplate\":\"https:\\\/\\\/www.aspb.cat\\\/?s={search_term_string}\"},\"query-input\":{\"@type\":\"PropertyValueSpecification\",\"valueRequired\":true,\"valueName\":\"search_term_string\"}}],\"inLanguage\":\"es\"}]}<\/script>\n<!-- \/ Yoast SEO Premium plugin. -->","yoast_head_json":{"title":"Violencia machista en el \u00e1mbito de la pareja desde una perspectiva de salud p\u00fablica: marco conceptual - ASPB","robots":{"index":"index","follow":"follow","max-snippet":"max-snippet:-1","max-image-preview":"max-image-preview:large","max-video-preview":"max-video-preview:-1"},"canonical":"https:\/\/www.aspb.cat\/es\/documents\/marco-conceptual-violencia-machista\/","og_locale":"es_ES","og_type":"article","og_title":"Violencia machista en el \u00e1mbito de la pareja desde una perspectiva de salud p\u00fablica: marco conceptual","og_description":"El objetivo de este informe es proponer un marco conceptual para comprender la violencia machista [&hellip;]","og_url":"https:\/\/www.aspb.cat\/es\/documents\/marco-conceptual-violencia-machista\/","og_site_name":"ASPB","article_publisher":"https:\/\/www.facebook.com\/salutpublicabcn","article_modified_time":"2021-12-03T16:14:56+00:00","og_image":[{"width":595,"height":842,"url":"https:\/\/www.aspb.cat\/wp-content\/uploads\/2019\/11\/ASPB-marc-conceptual-violencia-masclista.jpg","type":"image\/jpeg"}],"twitter_card":"summary_large_image","twitter_site":"@salutpublicabcn","twitter_misc":{"Tiempo de lectura":"1 minuto"},"schema":{"@context":"https:\/\/schema.org","@graph":[{"@type":"WebPage","@id":"https:\/\/www.aspb.cat\/es\/documents\/marco-conceptual-violencia-machista\/","url":"https:\/\/www.aspb.cat\/es\/documents\/marco-conceptual-violencia-machista\/","name":"Violencia machista en el \u00e1mbito de la pareja desde una perspectiva de salud p\u00fablica: marco conceptual - ASPB","isPartOf":{"@id":"https:\/\/www.aspb.cat\/#website"},"primaryImageOfPage":{"@id":"https:\/\/www.aspb.cat\/es\/documents\/marco-conceptual-violencia-machista\/#primaryimage"},"image":{"@id":"https:\/\/www.aspb.cat\/es\/documents\/marco-conceptual-violencia-machista\/#primaryimage"},"thumbnailUrl":"https:\/\/www.aspb.cat\/wp-content\/uploads\/2019\/11\/ASPB-marc-conceptual-violencia-masclista.jpg","datePublished":"2019-11-28T13:05:34+00:00","dateModified":"2021-12-03T16:14:56+00:00","breadcrumb":{"@id":"https:\/\/www.aspb.cat\/es\/documents\/marco-conceptual-violencia-machista\/#breadcrumb"},"inLanguage":"es","potentialAction":[{"@type":"ReadAction","target":["https:\/\/www.aspb.cat\/es\/documents\/marco-conceptual-violencia-machista\/"]}]},{"@type":"ImageObject","inLanguage":"es","@id":"https:\/\/www.aspb.cat\/es\/documents\/marco-conceptual-violencia-machista\/#primaryimage","url":"https:\/\/www.aspb.cat\/wp-content\/uploads\/2019\/11\/ASPB-marc-conceptual-violencia-masclista.jpg","contentUrl":"https:\/\/www.aspb.cat\/wp-content\/uploads\/2019\/11\/ASPB-marc-conceptual-violencia-masclista.jpg","width":595,"height":842},{"@type":"BreadcrumbList","@id":"https:\/\/www.aspb.cat\/es\/documents\/marco-conceptual-violencia-machista\/#breadcrumb","itemListElement":[{"@type":"ListItem","position":1,"name":"Inici","item":"https:\/\/www.aspb.cat\/es\/"},{"@type":"ListItem","position":2,"name":"Documents","item":"https:\/\/www.aspb.cat\/documents\/"},{"@type":"ListItem","position":3,"name":"Violencia machista en el \u00e1mbito de la pareja desde una perspectiva de salud p\u00fablica: marco conceptual"}]},{"@type":"WebSite","@id":"https:\/\/www.aspb.cat\/#website","url":"https:\/\/www.aspb.cat\/","name":"ASPB","description":"Just another WordPress site","potentialAction":[{"@type":"SearchAction","target":{"@type":"EntryPoint","urlTemplate":"https:\/\/www.aspb.cat\/?s={search_term_string}"},"query-input":{"@type":"PropertyValueSpecification","valueRequired":true,"valueName":"search_term_string"}}],"inLanguage":"es"}]}},"_links":{"self":[{"href":"https:\/\/www.aspb.cat\/es\/wp-json\/wp\/v2\/documento\/33428","targetHints":{"allow":["GET"]}}],"collection":[{"href":"https:\/\/www.aspb.cat\/es\/wp-json\/wp\/v2\/documento"}],"about":[{"href":"https:\/\/www.aspb.cat\/es\/wp-json\/wp\/v2\/types\/documento"}],"version-history":[{"count":2,"href":"https:\/\/www.aspb.cat\/es\/wp-json\/wp\/v2\/documento\/33428\/revisions"}],"predecessor-version":[{"id":38534,"href":"https:\/\/www.aspb.cat\/es\/wp-json\/wp\/v2\/documento\/33428\/revisions\/38534"}],"wp:featuredmedia":[{"embeddable":true,"href":"https:\/\/www.aspb.cat\/es\/wp-json\/wp\/v2\/media\/33429"}],"wp:attachment":[{"href":"https:\/\/www.aspb.cat\/es\/wp-json\/wp\/v2\/media?parent=33428"}],"wp:term":[{"taxonomy":"tema","embeddable":true,"href":"https:\/\/www.aspb.cat\/es\/wp-json\/wp\/v2\/tema?post=33428"},{"taxonomy":"tipusdocument","embeddable":true,"href":"https:\/\/www.aspb.cat\/es\/wp-json\/wp\/v2\/tipusdocument?post=33428"}],"curies":[{"name":"wp","href":"https:\/\/api.w.org\/{rel}","templated":true}]}}