{"id":33426,"date":"2019-11-28T13:36:46","date_gmt":"2019-11-28T13:36:46","guid":{"rendered":"https:\/\/www.aspb.cat\/documents\/analisi-situacio-violencia-masclista\/"},"modified":"2021-06-11T15:48:37","modified_gmt":"2021-06-11T15:48:37","slug":"analisis-situacion-violencia-machista","status":"publish","type":"documento","link":"https:\/\/www.aspb.cat\/es\/documentos\/analisis-situacion-violencia-machista\/","title":{"rendered":"Viol\u00e8ncia masclista en l\u2019\u00e0mbit de la parella des d\u2019una perspectiva de salut p\u00fablica: an\u00e0lisi de situaci\u00f3 en la ciutat de Barcelona"},"content":{"rendered":"<p>La viol\u00e8ncia masclista en l&#8217;\u00e0mbit de la parella \u00e9s un problema que afecta aproximadament a 47.000 joves entre 13 i 19 anys d\u2019edat, i a 34.000 dones majors de 19 anys de la ciutat de Barcelona.<br \/>\nLa viol\u00e8ncia masclista en l&#8217;ambit de la parella,  presenta un clar patr\u00f3 de desigualtat, sent m\u00e9s freq\u00fcent en les dones dels grups socials m\u00e9s desfavorits com ara les dones de classe social manual, les que presenten diversitat funcional o les dones migrants provinents de pa\u00efsos desfavorits.<br \/>\nTamb\u00e9 les dones que declaren haver patit viol\u00e8ncia masclista en l&#8217;\u00e0mbit de la parella presenten pitjors indicadors de salut: pitjor salut percebuda, major freq\u00fc\u00e8ncia de malestar psicol\u00f2gic i de malestar emocional que les que no han patit viol\u00e8ncia masclista en l&#8217;\u00e8mbit de la parella.<br \/>\nDonada la magnitud del problema, l\u2019impacte en la salut de les dones i de les seves fam\u00edlies, es fa necessari dissenyar i implementar intervencions eficaces basades en l\u2019evid\u00e8ncia per reduir la viol\u00e8ncia masclista en l&#8217;\u00e8mbit de la parella  a Barcelona.<\/p>\n<p style=\"text-align: center;\"><span class=\"texto_pequeno\"><br \/>\n<a href=\"http:\/\/creativecommons.org\/licenses\/by-nc-nd\/4.0\/\" target=\"_blank\" rel=\"license noopener noreferrer\"><img decoding=\"async\" style=\"border-width: 0;\" src=\"https:\/\/i.creativecommons.org\/l\/by-nc-nd\/4.0\/88x31.png\" alt=\"Llic\u00e8ncia de Creative Commons\"><\/a><br \/>\n\u00abViol\u00e8ncia masclista en l\u2019\u00e0mbit de la parella des d\u2019una perspectiva de salut p\u00fablica: an\u00e0lisi de situaci\u00f3 en la ciutat de Barcelona\u00bb<br \/>\nde l`<a href=\"https:\/\/www.aspb.cat\/es\/\" rel=\"cc:attributionURL\">Ag\u00e8ncia de Salut P\u00fablica de Barcelona<\/a><br \/>\nest\u00e0 subjecta a una llic\u00e8ncia de <a href=\"http:\/\/creativecommons.org\/licenses\/by-nc-nd\/4.0\/\" target=\"_blank\" rel=\"license noopener noreferrer\">Reconeixement-NoComercial-SenseObraDerivada 4.0 Internacional de Creative Commons<\/a><br \/>\nEls permisos addicionals als d&#8217;aquesta llic\u00e8ncia es poden trobar a<br \/>\n<a href=\"https:\/\/www.aspb.cat\/wp-content\/uploads\/2019\/11\/ASPB_analisi-situacio-violencia-masclista.pdf\" target=\"_blank\" rel=\"noopener noreferrer\">https:\/\/www.aspb.cat\/wp-content\/uploads\/2019\/11\/ASPB_analisi-situacio-violencia-masclista.pdf<\/a><\/span><\/p>\n","protected":false},"featured_media":33427,"template":"","tema":[150,151,202,370],"tipusdocument":[167],"class_list":["post-33426","documento","type-documento","status-publish","has-post-thumbnail","hentry","tema-salud-cifras-es","tema-salud-sexual-reproductiva","tema-vivir-salud","tema-sexualidad-afectividad","tipusdocument-informes","publish","author-ext_acaillab","impar","primero"],"acf":[],"yoast_head":"<!-- This site is optimized with the Yoast SEO Premium plugin v27.5 (Yoast SEO v27.5) - https:\/\/yoast.com\/product\/yoast-seo-premium-wordpress\/ -->\n<title>Viol\u00e8ncia masclista en l\u2019\u00e0mbit de la parella des d\u2019una perspectiva de salut p\u00fablica: an\u00e0lisi de situaci\u00f3 en la ciutat de Barcelona - ASPB<\/title>\n<meta name=\"robots\" content=\"index, follow, max-snippet:-1, max-image-preview:large, max-video-preview:-1\" \/>\n<link rel=\"canonical\" href=\"https:\/\/www.aspb.cat\/es\/documents\/analisis-situacion-violencia-machista\/\" \/>\n<meta property=\"og:locale\" content=\"es_ES\" \/>\n<meta property=\"og:type\" content=\"article\" \/>\n<meta property=\"og:title\" content=\"Viol\u00e8ncia masclista en l\u2019\u00e0mbit de la parella des d\u2019una perspectiva de salut p\u00fablica: an\u00e0lisi de situaci\u00f3 en la ciutat de Barcelona\" \/>\n<meta property=\"og:description\" content=\"La viol\u00e8ncia masclista en l&#8217;\u00e0mbit de la parella \u00e9s un problema que afecta aproximadament a [&hellip;]\" \/>\n<meta property=\"og:url\" content=\"https:\/\/www.aspb.cat\/es\/documents\/analisis-situacion-violencia-machista\/\" \/>\n<meta property=\"og:site_name\" content=\"ASPB\" \/>\n<meta property=\"article:publisher\" content=\"https:\/\/www.facebook.com\/salutpublicabcn\" \/>\n<meta property=\"article:modified_time\" content=\"2021-06-11T15:48:37+00:00\" \/>\n<meta property=\"og:image\" content=\"https:\/\/www.aspb.cat\/wp-content\/uploads\/2019\/11\/ASPB-analisi-situacio-violencia-masclista.jpg\" \/>\n\t<meta property=\"og:image:width\" content=\"595\" \/>\n\t<meta property=\"og:image:height\" content=\"842\" \/>\n\t<meta property=\"og:image:type\" content=\"image\/jpeg\" \/>\n<meta name=\"twitter:card\" content=\"summary_large_image\" \/>\n<meta name=\"twitter:site\" content=\"@salutpublicabcn\" \/>\n<meta name=\"twitter:label1\" content=\"Tiempo de lectura\" \/>\n\t<meta name=\"twitter:data1\" content=\"2 minutos\" \/>\n<script type=\"application\/ld+json\" class=\"yoast-schema-graph\">{\"@context\":\"https:\\\/\\\/schema.org\",\"@graph\":[{\"@type\":\"WebPage\",\"@id\":\"https:\\\/\\\/www.aspb.cat\\\/es\\\/documents\\\/analisis-situacion-violencia-machista\\\/\",\"url\":\"https:\\\/\\\/www.aspb.cat\\\/es\\\/documents\\\/analisis-situacion-violencia-machista\\\/\",\"name\":\"Viol\u00e8ncia masclista en l\u2019\u00e0mbit de la parella des d\u2019una perspectiva de salut p\u00fablica: an\u00e0lisi de situaci\u00f3 en la ciutat de Barcelona - ASPB\",\"isPartOf\":{\"@id\":\"https:\\\/\\\/www.aspb.cat\\\/#website\"},\"primaryImageOfPage\":{\"@id\":\"https:\\\/\\\/www.aspb.cat\\\/es\\\/documents\\\/analisis-situacion-violencia-machista\\\/#primaryimage\"},\"image\":{\"@id\":\"https:\\\/\\\/www.aspb.cat\\\/es\\\/documents\\\/analisis-situacion-violencia-machista\\\/#primaryimage\"},\"thumbnailUrl\":\"https:\\\/\\\/www.aspb.cat\\\/wp-content\\\/uploads\\\/2019\\\/11\\\/ASPB-analisi-situacio-violencia-masclista.jpg\",\"datePublished\":\"2019-11-28T13:36:46+00:00\",\"dateModified\":\"2021-06-11T15:48:37+00:00\",\"breadcrumb\":{\"@id\":\"https:\\\/\\\/www.aspb.cat\\\/es\\\/documents\\\/analisis-situacion-violencia-machista\\\/#breadcrumb\"},\"inLanguage\":\"es\",\"potentialAction\":[{\"@type\":\"ReadAction\",\"target\":[\"https:\\\/\\\/www.aspb.cat\\\/es\\\/documents\\\/analisis-situacion-violencia-machista\\\/\"]}]},{\"@type\":\"ImageObject\",\"inLanguage\":\"es\",\"@id\":\"https:\\\/\\\/www.aspb.cat\\\/es\\\/documents\\\/analisis-situacion-violencia-machista\\\/#primaryimage\",\"url\":\"https:\\\/\\\/www.aspb.cat\\\/wp-content\\\/uploads\\\/2019\\\/11\\\/ASPB-analisi-situacio-violencia-masclista.jpg\",\"contentUrl\":\"https:\\\/\\\/www.aspb.cat\\\/wp-content\\\/uploads\\\/2019\\\/11\\\/ASPB-analisi-situacio-violencia-masclista.jpg\",\"width\":595,\"height\":842},{\"@type\":\"BreadcrumbList\",\"@id\":\"https:\\\/\\\/www.aspb.cat\\\/es\\\/documents\\\/analisis-situacion-violencia-machista\\\/#breadcrumb\",\"itemListElement\":[{\"@type\":\"ListItem\",\"position\":1,\"name\":\"Inici\",\"item\":\"https:\\\/\\\/www.aspb.cat\\\/es\\\/\"},{\"@type\":\"ListItem\",\"position\":2,\"name\":\"Documents\",\"item\":\"https:\\\/\\\/www.aspb.cat\\\/documents\\\/\"},{\"@type\":\"ListItem\",\"position\":3,\"name\":\"Viol\u00e8ncia masclista en l\u2019\u00e0mbit de la parella des d\u2019una perspectiva de salut p\u00fablica: an\u00e0lisi de situaci\u00f3 en la ciutat de Barcelona\"}]},{\"@type\":\"WebSite\",\"@id\":\"https:\\\/\\\/www.aspb.cat\\\/#website\",\"url\":\"https:\\\/\\\/www.aspb.cat\\\/\",\"name\":\"ASPB\",\"description\":\"Just another WordPress site\",\"potentialAction\":[{\"@type\":\"SearchAction\",\"target\":{\"@type\":\"EntryPoint\",\"urlTemplate\":\"https:\\\/\\\/www.aspb.cat\\\/?s={search_term_string}\"},\"query-input\":{\"@type\":\"PropertyValueSpecification\",\"valueRequired\":true,\"valueName\":\"search_term_string\"}}],\"inLanguage\":\"es\"}]}<\/script>\n<!-- \/ Yoast SEO Premium plugin. -->","yoast_head_json":{"title":"Viol\u00e8ncia masclista en l\u2019\u00e0mbit de la parella des d\u2019una perspectiva de salut p\u00fablica: an\u00e0lisi de situaci\u00f3 en la ciutat de Barcelona - ASPB","robots":{"index":"index","follow":"follow","max-snippet":"max-snippet:-1","max-image-preview":"max-image-preview:large","max-video-preview":"max-video-preview:-1"},"canonical":"https:\/\/www.aspb.cat\/es\/documents\/analisis-situacion-violencia-machista\/","og_locale":"es_ES","og_type":"article","og_title":"Viol\u00e8ncia masclista en l\u2019\u00e0mbit de la parella des d\u2019una perspectiva de salut p\u00fablica: an\u00e0lisi de situaci\u00f3 en la ciutat de Barcelona","og_description":"La viol\u00e8ncia masclista en l&#8217;\u00e0mbit de la parella \u00e9s un problema que afecta aproximadament a [&hellip;]","og_url":"https:\/\/www.aspb.cat\/es\/documents\/analisis-situacion-violencia-machista\/","og_site_name":"ASPB","article_publisher":"https:\/\/www.facebook.com\/salutpublicabcn","article_modified_time":"2021-06-11T15:48:37+00:00","og_image":[{"width":595,"height":842,"url":"https:\/\/www.aspb.cat\/wp-content\/uploads\/2019\/11\/ASPB-analisi-situacio-violencia-masclista.jpg","type":"image\/jpeg"}],"twitter_card":"summary_large_image","twitter_site":"@salutpublicabcn","twitter_misc":{"Tiempo de lectura":"2 minutos"},"schema":{"@context":"https:\/\/schema.org","@graph":[{"@type":"WebPage","@id":"https:\/\/www.aspb.cat\/es\/documents\/analisis-situacion-violencia-machista\/","url":"https:\/\/www.aspb.cat\/es\/documents\/analisis-situacion-violencia-machista\/","name":"Viol\u00e8ncia masclista en l\u2019\u00e0mbit de la parella des d\u2019una perspectiva de salut p\u00fablica: an\u00e0lisi de situaci\u00f3 en la ciutat de Barcelona - ASPB","isPartOf":{"@id":"https:\/\/www.aspb.cat\/#website"},"primaryImageOfPage":{"@id":"https:\/\/www.aspb.cat\/es\/documents\/analisis-situacion-violencia-machista\/#primaryimage"},"image":{"@id":"https:\/\/www.aspb.cat\/es\/documents\/analisis-situacion-violencia-machista\/#primaryimage"},"thumbnailUrl":"https:\/\/www.aspb.cat\/wp-content\/uploads\/2019\/11\/ASPB-analisi-situacio-violencia-masclista.jpg","datePublished":"2019-11-28T13:36:46+00:00","dateModified":"2021-06-11T15:48:37+00:00","breadcrumb":{"@id":"https:\/\/www.aspb.cat\/es\/documents\/analisis-situacion-violencia-machista\/#breadcrumb"},"inLanguage":"es","potentialAction":[{"@type":"ReadAction","target":["https:\/\/www.aspb.cat\/es\/documents\/analisis-situacion-violencia-machista\/"]}]},{"@type":"ImageObject","inLanguage":"es","@id":"https:\/\/www.aspb.cat\/es\/documents\/analisis-situacion-violencia-machista\/#primaryimage","url":"https:\/\/www.aspb.cat\/wp-content\/uploads\/2019\/11\/ASPB-analisi-situacio-violencia-masclista.jpg","contentUrl":"https:\/\/www.aspb.cat\/wp-content\/uploads\/2019\/11\/ASPB-analisi-situacio-violencia-masclista.jpg","width":595,"height":842},{"@type":"BreadcrumbList","@id":"https:\/\/www.aspb.cat\/es\/documents\/analisis-situacion-violencia-machista\/#breadcrumb","itemListElement":[{"@type":"ListItem","position":1,"name":"Inici","item":"https:\/\/www.aspb.cat\/es\/"},{"@type":"ListItem","position":2,"name":"Documents","item":"https:\/\/www.aspb.cat\/documents\/"},{"@type":"ListItem","position":3,"name":"Viol\u00e8ncia masclista en l\u2019\u00e0mbit de la parella des d\u2019una perspectiva de salut p\u00fablica: an\u00e0lisi de situaci\u00f3 en la ciutat de Barcelona"}]},{"@type":"WebSite","@id":"https:\/\/www.aspb.cat\/#website","url":"https:\/\/www.aspb.cat\/","name":"ASPB","description":"Just another WordPress site","potentialAction":[{"@type":"SearchAction","target":{"@type":"EntryPoint","urlTemplate":"https:\/\/www.aspb.cat\/?s={search_term_string}"},"query-input":{"@type":"PropertyValueSpecification","valueRequired":true,"valueName":"search_term_string"}}],"inLanguage":"es"}]}},"_links":{"self":[{"href":"https:\/\/www.aspb.cat\/es\/wp-json\/wp\/v2\/documento\/33426","targetHints":{"allow":["GET"]}}],"collection":[{"href":"https:\/\/www.aspb.cat\/es\/wp-json\/wp\/v2\/documento"}],"about":[{"href":"https:\/\/www.aspb.cat\/es\/wp-json\/wp\/v2\/types\/documento"}],"version-history":[{"count":1,"href":"https:\/\/www.aspb.cat\/es\/wp-json\/wp\/v2\/documento\/33426\/revisions"}],"predecessor-version":[{"id":33444,"href":"https:\/\/www.aspb.cat\/es\/wp-json\/wp\/v2\/documento\/33426\/revisions\/33444"}],"wp:featuredmedia":[{"embeddable":true,"href":"https:\/\/www.aspb.cat\/es\/wp-json\/wp\/v2\/media\/33427"}],"wp:attachment":[{"href":"https:\/\/www.aspb.cat\/es\/wp-json\/wp\/v2\/media?parent=33426"}],"wp:term":[{"taxonomy":"tema","embeddable":true,"href":"https:\/\/www.aspb.cat\/es\/wp-json\/wp\/v2\/tema?post=33426"},{"taxonomy":"tipusdocument","embeddable":true,"href":"https:\/\/www.aspb.cat\/es\/wp-json\/wp\/v2\/tipusdocument?post=33426"}],"curies":[{"name":"wp","href":"https:\/\/api.w.org\/{rel}","templated":true}]}}